{"id":73,"date":"2019-06-24T19:26:27","date_gmt":"2019-06-24T17:26:27","guid":{"rendered":"http:\/\/www.exposition-paris.info\/galeries-art-paris\/?page_id=73"},"modified":"2026-01-15T15:44:55","modified_gmt":"2026-01-15T14:44:55","slug":"expo-gratuite-galeries-d-art-a-paris-en-ce-moment","status":"publish","type":"page","link":"https:\/\/www.exposition-paris.info\/galeries-art-paris\/expo-gratuite-galeries-d-art-a-paris-en-ce-moment\/","title":{"rendered":"Galeries d&rsquo;art \u00e0 Paris"},"content":{"rendered":"<section class=\"wpb-content-wrapper\"><p>[vc_row][vc_column][vc_column_text css=\u00a0\u00bb.vc_custom_1584092016192{margin-bottom: 10px !important;border-bottom-width: 0px !important;padding-bottom: 0px !important;}\u00a0\u00bb]L&rsquo;actualit\u00e9 des galeries d&rsquo;art parisiennes. Expositions, vernissages et \u00e9v\u00e9nements&#8230;[\/vc_column_text][\/vc_column][\/vc_row][vc_row][vc_column][vc_column_text css=\u00a0\u00bb.vc_custom_1653915278573{background-color: #ffffff !important;}\u00a0\u00bb]\r\n\r\n\r\n<div class=\"adverts-list adverts-bg-hover\">\r\n                <div class=\"advert-item advert-item-col-1 advert-id-9598\">\r\n\r\n                <div class=\"advert-img\">\r\n                                            <img decoding=\"async\" src=\"https:\/\/www.exposition-paris.info\/galeries-art-paris\/wp-content\/uploads\/IMG_8226-310x190.jpeg\" class=\"advert-item-grow\" title=\"\" alt=\"\" \/>\r\n                    <\/div>\r\n     \r\n        <div class=\"advert-post-title\">\r\n            <span title=\"Les choses de la vie\" class=\"advert-link\">\r\n                <span class=\"advert-link-text\">Les choses de la vie<\/span>\r\n                            <\/span>\r\n            <a href=\"https:\/\/www.exposition-paris.info\/galeries-art-paris\/advert\/les-choses-de-la-vie\/\" title=\"Les choses de la vie\" class=\"advert-link-wrap\"><\/a>\r\n        <\/div>\r\n\r\n        <div class=\"advert-published \">\r\n\r\n            <span class=\"advert-date\">30 ao\u00fbt 2026<\/span>\r\n\r\n                                    <span class=\"advert-item-col-1-only advert-location adverts-icon-location\">Paris<\/span>\r\n            \r\n                                    <div class=\"advert-price adverts-price-empty\">Gratuit<\/div>\r\n                    <\/div>\r\n\r\n    <\/div>\r\n            <div class=\"advert-item advert-item-col-1 advert-id-9593\">\r\n\r\n                <div class=\"advert-img\">\r\n                                            <img decoding=\"async\" src=\"https:\/\/www.exposition-paris.info\/galeries-art-paris\/wp-content\/uploads\/Visuel-simple-Delphine-Rocher-310x190.jpg\" class=\"advert-item-grow\" title=\"\" alt=\"\" \/>\r\n                    <\/div>\r\n     \r\n        <div class=\"advert-post-title\">\r\n            <span title=\"Au hasard des oiseaux\" class=\"advert-link\">\r\n                <span class=\"advert-link-text\">Au hasard des oiseaux<\/span>\r\n                            <\/span>\r\n            <a href=\"https:\/\/www.exposition-paris.info\/galeries-art-paris\/advert\/au-hasard-des-oiseaux\/\" title=\"Au hasard des oiseaux\" class=\"advert-link-wrap\"><\/a>\r\n        <\/div>\r\n\r\n        <div class=\"advert-published \">\r\n\r\n            <span class=\"advert-date\">27 ao\u00fbt 2026<\/span>\r\n\r\n                                    <span class=\"advert-item-col-1-only advert-location adverts-icon-location\">Paris 17e<\/span>\r\n            \r\n                                    <div class=\"advert-price adverts-price-empty\">Gratuit<\/div>\r\n                    <\/div>\r\n\r\n    <\/div>\r\n            <div class=\"advert-item advert-item-col-1 advert-id-9580\">\r\n\r\n                <div class=\"advert-img\">\r\n                                            <img decoding=\"async\" src=\"https:\/\/www.exposition-paris.info\/galeries-art-paris\/wp-content\/uploads\/Yamatogokoro-verso-retouche-310x190.jpg\" class=\"advert-item-grow\" title=\"\" alt=\"\" \/>\r\n                    <\/div>\r\n     \r\n        <div class=\"advert-post-title\">\r\n            <span title=\"L&rsquo;Ame Du Japon, Yamatogokoro\" class=\"advert-link\">\r\n                <span class=\"advert-link-text\">L&rsquo;Ame Du Japon, Yamatogokoro<\/span>\r\n                            <\/span>\r\n            <a href=\"https:\/\/www.exposition-paris.info\/galeries-art-paris\/advert\/lame-du-japon-yamatogokoro\/\" title=\"L&rsquo;Ame Du Japon, Yamatogokoro\" class=\"advert-link-wrap\"><\/a>\r\n        <\/div>\r\n\r\n        <div class=\"advert-published \">\r\n\r\n            <span class=\"advert-date\">27 ao\u00fbt 2026<\/span>\r\n\r\n                                    <span class=\"advert-item-col-1-only advert-location adverts-icon-location\">77 passage Choiseul, &quot;Galerie Choiseul&quot;  75002 Paris<\/span>\r\n            \r\n                                    <div class=\"advert-price adverts-price-empty\">Gratuit<\/div>\r\n                    <\/div>\r\n\r\n    <\/div>\r\n            <div class=\"advert-item advert-item-col-1 advert-id-9563\">\r\n\r\n                <div class=\"advert-img\">\r\n                                            <img decoding=\"async\" src=\"https:\/\/www.exposition-paris.info\/galeries-art-paris\/wp-content\/uploads\/Capture-decran-2026-08-27-144710-310x190.png\" class=\"advert-item-grow\" title=\"\" alt=\"\" \/>\r\n                    <\/div>\r\n     \r\n        <div class=\"advert-post-title\">\r\n            <span title=\"Mandala Paysager\" class=\"advert-link\">\r\n                <span class=\"advert-link-text\">Mandala Paysager<\/span>\r\n                            <\/span>\r\n            <a href=\"https:\/\/www.exposition-paris.info\/galeries-art-paris\/advert\/mandala-paysager\/\" title=\"Mandala Paysager\" class=\"advert-link-wrap\"><\/a>\r\n        <\/div>\r\n\r\n        <div class=\"advert-published \">\r\n\r\n            <span class=\"advert-date\">27 ao\u00fbt 2026<\/span>\r\n\r\n                                    <span class=\"advert-item-col-1-only advert-location adverts-icon-location\">31 quai de l&#039;Horloge, 75001 Paris, &quot; Design Festa Gallery Paris&quot;<\/span>\r\n            \r\n                                    <div class=\"advert-price adverts-price-empty\">Gratuit<\/div>\r\n                    <\/div>\r\n\r\n    <\/div>\r\n            <div class=\"advert-item advert-item-col-1 advert-id-9559\">\r\n\r\n                <div class=\"advert-img\">\r\n                                            <img decoding=\"async\" src=\"https:\/\/www.exposition-paris.info\/galeries-art-paris\/wp-content\/uploads\/Kataoka-recto-1-310x190.jpg\" class=\"advert-item-grow\" title=\"\" alt=\"\" \/>\r\n                    <\/div>\r\n     \r\n        <div class=\"advert-post-title\">\r\n            <span title=\"Philosophie d&rsquo;Azur\" class=\"advert-link\">\r\n                <span class=\"advert-link-text\">Philosophie d&rsquo;Azur<\/span>\r\n                            <\/span>\r\n            <a href=\"https:\/\/www.exposition-paris.info\/galeries-art-paris\/advert\/philosophie-dazur-2\/\" title=\"Philosophie d&rsquo;Azur\" class=\"advert-link-wrap\"><\/a>\r\n        <\/div>\r\n\r\n        <div class=\"advert-published \">\r\n\r\n            <span class=\"advert-date\">26 ao\u00fbt 2026<\/span>\r\n\r\n                                    <span class=\"advert-item-col-1-only advert-location adverts-icon-location\">3 Rue de Miromesnil 75008 Paris<\/span>\r\n            \r\n                                    <div class=\"advert-price adverts-price-empty\">Gratuit<\/div>\r\n                    <\/div>\r\n\r\n    <\/div>\r\n            <div class=\"advert-item advert-item-col-1 advert-id-9555\">\r\n\r\n                <div class=\"advert-img\">\r\n                                            <img decoding=\"async\" src=\"https:\/\/www.exposition-paris.info\/galeries-art-paris\/wp-content\/uploads\/mmexport1785760025304-1-310x190.jpg\" class=\"advert-item-grow\" title=\"\" alt=\"\" \/>\r\n                    <\/div>\r\n     \r\n        <div class=\"advert-post-title\">\r\n            <span title=\"Ic\u00f4nes du Silence\" class=\"advert-link\">\r\n                <span class=\"advert-link-text\">Ic\u00f4nes du Silence<\/span>\r\n                            <\/span>\r\n            <a href=\"https:\/\/www.exposition-paris.info\/galeries-art-paris\/advert\/icones-du-silence\/\" title=\"Ic\u00f4nes du Silence\" class=\"advert-link-wrap\"><\/a>\r\n        <\/div>\r\n\r\n        <div class=\"advert-published \">\r\n\r\n            <span class=\"advert-date\">25 ao\u00fbt 2026<\/span>\r\n\r\n                                    <span class=\"advert-item-col-1-only advert-location adverts-icon-location\">17 rue Biscornet 75012 Paris<\/span>\r\n            \r\n                                    <div class=\"advert-price adverts-price-empty\">Gratuit<\/div>\r\n                    <\/div>\r\n\r\n    <\/div>\r\n            <div class=\"advert-item advert-item-col-1 advert-id-9553\">\r\n\r\n                <div class=\"advert-img\">\r\n                                            <img decoding=\"async\" src=\"https:\/\/www.exposition-paris.info\/galeries-art-paris\/wp-content\/uploads\/PARIS_26_4x3_ledition_d_automne____FR-310x190.jpg\" class=\"advert-item-grow\" title=\"\" alt=\"\" \/>\r\n                    <\/div>\r\n     \r\n        <div class=\"advert-post-title\">\r\n            <span title=\"art3f Paris\" class=\"advert-link\">\r\n                <span class=\"advert-link-text\">art3f Paris<\/span>\r\n                            <\/span>\r\n            <a href=\"https:\/\/www.exposition-paris.info\/galeries-art-paris\/advert\/art3f-paris\/\" title=\"art3f Paris\" class=\"advert-link-wrap\"><\/a>\r\n        <\/div>\r\n\r\n        <div class=\"advert-published \">\r\n\r\n            <span class=\"advert-date\">25 ao\u00fbt 2026<\/span>\r\n\r\n                                    <span class=\"advert-item-col-1-only advert-location adverts-icon-location\">Paris Expo - Porte de Versailles<\/span>\r\n            \r\n                                    <div class=\"advert-price\">10.00\u20ac<\/div>\r\n                    <\/div>\r\n\r\n    <\/div>\r\n            <div class=\"advert-item advert-item-col-1 advert-id-9548\">\r\n\r\n                <div class=\"advert-img\">\r\n                                            <img decoding=\"async\" src=\"https:\/\/www.exposition-paris.info\/galeries-art-paris\/wp-content\/uploads\/13-3-310x190.jpg\" class=\"advert-item-grow\" title=\"\" alt=\"\" \/>\r\n                    <\/div>\r\n     \r\n        <div class=\"advert-post-title\">\r\n            <span title=\"Exposition SONIA SAID \u00a0\u00bb Entre deux souffles\u00a0\u00bb\" class=\"advert-link\">\r\n                <span class=\"advert-link-text\">Exposition SONIA SAID \u00a0\u00bb Entre deux souffles\u00a0\u00bb<\/span>\r\n                            <\/span>\r\n            <a href=\"https:\/\/www.exposition-paris.info\/galeries-art-paris\/advert\/exposition-sonia-said-entre-deux-souffles\/\" title=\"Exposition SONIA SAID \u00a0\u00bb Entre deux souffles\u00a0\u00bb\" class=\"advert-link-wrap\"><\/a>\r\n        <\/div>\r\n\r\n        <div class=\"advert-published \">\r\n\r\n            <span class=\"advert-date\">24 ao\u00fbt 2026<\/span>\r\n\r\n                                    <span class=\"advert-item-col-1-only advert-location adverts-icon-location\">Paris 19<\/span>\r\n            \r\n                                    <div class=\"advert-price adverts-price-empty\">Gratuit<\/div>\r\n                    <\/div>\r\n\r\n    <\/div>\r\n            <div class=\"advert-item advert-item-col-1 advert-id-9544\">\r\n\r\n                <div class=\"advert-img\">\r\n                                            <img decoding=\"async\" src=\"https:\/\/www.exposition-paris.info\/galeries-art-paris\/wp-content\/uploads\/affiche-PAC-2026-235-x-295-mm-310x190.jpg\" class=\"advert-item-grow\" title=\"\" alt=\"\" \/>\r\n                    <\/div>\r\n     \r\n        <div class=\"advert-post-title\">\r\n            <span title=\"Salon DF Art Project 2026\" class=\"advert-link\">\r\n                <span class=\"advert-link-text\">Salon DF Art Project 2026<\/span>\r\n                            <\/span>\r\n            <a href=\"https:\/\/www.exposition-paris.info\/galeries-art-paris\/advert\/salon-df-art-project-2026-2\/\" title=\"Salon DF Art Project 2026\" class=\"advert-link-wrap\"><\/a>\r\n        <\/div>\r\n\r\n        <div class=\"advert-published \">\r\n\r\n            <span class=\"advert-date\">22 ao\u00fbt 2026<\/span>\r\n\r\n                                    <span class=\"advert-item-col-1-only advert-location adverts-icon-location\">PARIS 75015<\/span>\r\n            \r\n                                    <div class=\"advert-price adverts-price-empty\">Gratuit<\/div>\r\n                    <\/div>\r\n\r\n    <\/div>\r\n            <div class=\"advert-item advert-item-col-1 advert-id-9538\">\r\n\r\n                <div class=\"advert-img\">\r\n                                            <img decoding=\"async\" src=\"https:\/\/www.exposition-paris.info\/galeries-art-paris\/wp-content\/uploads\/aaa-310x190.png\" class=\"advert-item-grow\" title=\"\" alt=\"\" \/>\r\n                    <\/div>\r\n     \r\n        <div class=\"advert-post-title\">\r\n            <span title=\"Exposition &amp; Vente de tirages photo\" class=\"advert-link\">\r\n                <span class=\"advert-link-text\">Exposition &amp; Vente de tirages photo<\/span>\r\n                            <\/span>\r\n            <a href=\"https:\/\/www.exposition-paris.info\/galeries-art-paris\/advert\/exposition-vente-de-tirages-photo\/\" title=\"Exposition &amp; Vente de tirages photo\" class=\"advert-link-wrap\"><\/a>\r\n        <\/div>\r\n\r\n        <div class=\"advert-published \">\r\n\r\n            <span class=\"advert-date\">17 ao\u00fbt 2026<\/span>\r\n\r\n                                    <span class=\"advert-item-col-1-only advert-location adverts-icon-location\">1 Pl. Jean jaures, 93310 Le Pr\u00e9-Saint-Gervais<\/span>\r\n            \r\n                                    <div class=\"advert-price adverts-price-empty\">Gratuit<\/div>\r\n                    <\/div>\r\n\r\n    <\/div>\r\n            <div class=\"advert-item advert-item-col-1 advert-id-9529\">\r\n\r\n                <div class=\"advert-img\">\r\n                                            <img decoding=\"async\" src=\"https:\/\/www.exposition-paris.info\/galeries-art-paris\/wp-content\/uploads\/affiche-10-310x190.jpg\" class=\"advert-item-grow\" title=\"\" alt=\"\" \/>\r\n                    <\/div>\r\n     \r\n        <div class=\"advert-post-title\">\r\n            <span title=\"Vernissage Exposition collective \u00ab\u00a0R\u00e9sonance\u00a0\u00bb\" class=\"advert-link\">\r\n                <span class=\"advert-link-text\">Vernissage Exposition collective \u00ab\u00a0R\u00e9sonance\u00a0\u00bb<\/span>\r\n                            <\/span>\r\n            <a href=\"https:\/\/www.exposition-paris.info\/galeries-art-paris\/advert\/vernissage-exposition-collective-resonance\/\" title=\"Vernissage Exposition collective \u00ab\u00a0R\u00e9sonance\u00a0\u00bb\" class=\"advert-link-wrap\"><\/a>\r\n        <\/div>\r\n\r\n        <div class=\"advert-published \">\r\n\r\n            <span class=\"advert-date\">11 ao\u00fbt 2026<\/span>\r\n\r\n                                    <span class=\"advert-item-col-1-only advert-location adverts-icon-location\">127 rue Jeanne d&#039;Arc, Paris 13<\/span>\r\n            \r\n                                    <div class=\"advert-price adverts-price-empty\">Gratuit<\/div>\r\n                    <\/div>\r\n\r\n    <\/div>\r\n            <div class=\"advert-item advert-item-col-1 advert-id-9524\">\r\n\r\n                <div class=\"advert-img\">\r\n                                            <img decoding=\"async\" src=\"https:\/\/www.exposition-paris.info\/galeries-art-paris\/wp-content\/uploads\/Gemini_Generated_Image_ncch3gncch3gncch-310x190.png\" class=\"advert-item-grow\" title=\"\" alt=\"\" \/>\r\n                    <\/div>\r\n     \r\n        <div class=\"advert-post-title\">\r\n            <span title=\"Exposition \u00ab R\u00e9cits de l\u2019entre-deux \u00bb &#8211; Travers\u00e9es culturelles d\u2019artistes femmes de Macao\" class=\"advert-link\">\r\n                <span class=\"advert-link-text\">Exposition \u00ab R\u00e9cits de l\u2019entre-deux \u00bb &#8211; Travers\u00e9es culturelles d\u2019artistes femmes de Macao<\/span>\r\n                            <\/span>\r\n            <a href=\"https:\/\/www.exposition-paris.info\/galeries-art-paris\/advert\/exposition-recits-de-lentre-deux-traversees-culturelles-dartistes-femmes-de-macao\/\" title=\"Exposition \u00ab R\u00e9cits de l\u2019entre-deux \u00bb &#8211; Travers\u00e9es culturelles d\u2019artistes femmes de Macao\" class=\"advert-link-wrap\"><\/a>\r\n        <\/div>\r\n\r\n        <div class=\"advert-published \">\r\n\r\n            <span class=\"advert-date\">5 ao\u00fbt 2026<\/span>\r\n\r\n                                    <span class=\"advert-item-col-1-only advert-location adverts-icon-location\">59 Rue de Rivoli, 75001 Paris, France<\/span>\r\n            \r\n                                    <div class=\"advert-price adverts-price-empty\">Gratuit<\/div>\r\n                    <\/div>\r\n\r\n    <\/div>\r\n            <\/div>\r\n\r\n<div class=\"adverts-pagination\">\r\n    <\/div>\r\n\r\n[\/vc_column_text][\/vc_column][\/vc_row]<\/p>\n<\/section>","protected":false},"excerpt":{"rendered":"<p>[vc_row][vc_column][vc_column_text css=\u00a0\u00bb.vc_custom_1584092016192{margin-bottom: 10px !important;border-bottom-width: 0px !important;padding-bottom: 0px !important;}\u00a0\u00bb]L&rsquo;actualit\u00e9 des galeries d&rsquo;art parisiennes. Expositions, vernissages et \u00e9v\u00e9nements&#8230;[\/vc_column_text][\/vc_column][\/vc_row][vc_row][vc_column][vc_column_text css=\u00a0\u00bb.vc_custom_1653915278573{background-color: #ffffff !important;}\u00a0\u00bb][\/vc_column_text][\/vc_column][\/vc_row]<\/p>\n","protected":false},"author":1,"featured_media":0,"parent":0,"menu_order":0,"comment_status":"closed","ping_status":"closed","template":"","meta":{"footnotes":""},"class_list":["post-73","page","type-page","status-publish","hentry"],"aioseo_notices":[],"_links":{"self":[{"href":"https:\/\/www.exposition-paris.info\/galeries-art-paris\/wp-json\/wp\/v2\/pages\/73","targetHints":{"allow":["GET"]}}],"collection":[{"href":"https:\/\/www.exposition-paris.info\/galeries-art-paris\/wp-json\/wp\/v2\/pages"}],"about":[{"href":"https:\/\/www.exposition-paris.info\/galeries-art-paris\/wp-json\/wp\/v2\/types\/page"}],"author":[{"embeddable":true,"href":"https:\/\/www.exposition-paris.info\/galeries-art-paris\/wp-json\/wp\/v2\/users\/1"}],"replies":[{"embeddable":true,"href":"https:\/\/www.exposition-paris.info\/galeries-art-paris\/wp-json\/wp\/v2\/comments?post=73"}],"version-history":[{"count":10,"href":"https:\/\/www.exposition-paris.info\/galeries-art-paris\/wp-json\/wp\/v2\/pages\/73\/revisions"}],"predecessor-version":[{"id":1936,"href":"https:\/\/www.exposition-paris.info\/galeries-art-paris\/wp-json\/wp\/v2\/pages\/73\/revisions\/1936"}],"wp:attachment":[{"href":"https:\/\/www.exposition-paris.info\/galeries-art-paris\/wp-json\/wp\/v2\/media?parent=73"}],"curies":[{"name":"wp","href":"https:\/\/api.w.org\/{rel}","templated":true}]}}