{"id":5,"date":"2019-06-21T18:08:18","date_gmt":"2019-06-21T16:08:18","guid":{"rendered":"http:\/\/www.exposition-paris.info\/galeries-art-paris\/adverts\/"},"modified":"2026-01-15T16:06:51","modified_gmt":"2026-01-15T15:06:51","slug":"expositions-en-ce-moment","status":"publish","type":"page","link":"https:\/\/www.exposition-paris.info\/galeries-art-paris\/","title":{"rendered":"Galeries d&rsquo;art \u00e0 Paris"},"content":{"rendered":"<section class=\"wpb-content-wrapper\"><p>[vc_row][vc_column][vc_column_text css=\u00a0\u00bb.vc_custom_1595854332186{margin-bottom: 10px !important;border-bottom-width: 0px !important;padding-bottom: 0px !important;}\u00a0\u00bb]<\/p>\n<h1>Galeries d&rsquo;art \u00e0 Paris<\/h1>\n<p style=\"text-align: justify;\">Retrouvez l&rsquo;actualit\u00e9 des galeries d&rsquo;art parisiennes. Expositions, vernissages et \u00e9v\u00e9nements artistiques \u00e0 Paris.<\/p>\n<p>[\/vc_column_text][vc_column_text css=\u00a0\u00bb.vc_custom_1653914912797{padding-right: 20px !important;padding-left: 20px !important;}\u00a0\u00bb]\r\n\r\n\r\n<div class=\"adverts-list adverts-bg-hover\">\r\n                <div class=\"advert-item advert-item-col-1 advert-id-9313\">\r\n\r\n                <div class=\"advert-img\">\r\n                                            <img decoding=\"async\" src=\"https:\/\/www.exposition-paris.info\/galeries-art-paris\/wp-content\/uploads\/AAB-PO2026-A3-HD-310x190.jpg\" class=\"advert-item-grow\" title=\"Affiche officielle Portes Ouvertes 2026\" alt=\"\" \/>\r\n                    <\/div>\r\n     \r\n        <div class=\"advert-post-title\">\r\n            <span title=\"Portes Ouvertes des Ateliers d&rsquo;Artistes de Belleville\" class=\"advert-link\">\r\n                <span class=\"advert-link-text\">Portes Ouvertes des Ateliers d&rsquo;Artistes de Belleville<\/span>\r\n                            <\/span>\r\n            <a href=\"https:\/\/www.exposition-paris.info\/galeries-art-paris\/advert\/portes-ouvertes-des-ateliers-dartistes-de-belleville\/\" title=\"Portes Ouvertes des Ateliers d&rsquo;Artistes de Belleville\" class=\"advert-link-wrap\"><\/a>\r\n        <\/div>\r\n\r\n        <div class=\"advert-published \">\r\n\r\n            <span class=\"advert-date\">27 avril 2026<\/span>\r\n\r\n                                    <span class=\"advert-item-col-1-only advert-location adverts-icon-location\">Galerie des Ateliers d&#039;Artistes de Belleville, 1 rue Francis Picabia, Paris, 75020<\/span>\r\n            \r\n                                    <div class=\"advert-price adverts-price-empty\">Gratuit<\/div>\r\n                    <\/div>\r\n\r\n    <\/div>\r\n            <div class=\"advert-item advert-item-col-1 advert-id-9309\">\r\n\r\n                <div class=\"advert-img\">\r\n                                            <img decoding=\"async\" src=\"https:\/\/www.exposition-paris.info\/galeries-art-paris\/wp-content\/uploads\/Affiche_Relique-Future_\u00a9Timothee-PAGNIEZ-310x190.jpg\" class=\"advert-item-grow\" title=\"\" alt=\"\" \/>\r\n                    <\/div>\r\n     \r\n        <div class=\"advert-post-title\">\r\n            <span title=\"Reliques Futures\" class=\"advert-link\">\r\n                <span class=\"advert-link-text\">Reliques Futures<\/span>\r\n                            <\/span>\r\n            <a href=\"https:\/\/www.exposition-paris.info\/galeries-art-paris\/advert\/reliques-futures\/\" title=\"Reliques Futures\" class=\"advert-link-wrap\"><\/a>\r\n        <\/div>\r\n\r\n        <div class=\"advert-published \">\r\n\r\n            <span class=\"advert-date\">26 avril 2026<\/span>\r\n\r\n                                    <span class=\"advert-item-col-1-only advert-location adverts-icon-location\">Folie N5, Parc de la Villette, 211 Avenue Jean Jaur\u00e8s, 75019 Paris<\/span>\r\n            \r\n                                    <div class=\"advert-price adverts-price-empty\">Gratuit<\/div>\r\n                    <\/div>\r\n\r\n    <\/div>\r\n            <div class=\"advert-item advert-item-col-1 advert-id-9307\">\r\n\r\n                <div class=\"advert-img\">\r\n                                            <img decoding=\"async\" src=\"https:\/\/www.exposition-paris.info\/galeries-art-paris\/wp-content\/uploads\/AFFICHE-Web-310x190.jpeg\" class=\"advert-item-grow\" title=\"\" alt=\"\" \/>\r\n                    <\/div>\r\n     \r\n        <div class=\"advert-post-title\">\r\n            <span title=\"Le Groupe de Lyon\" class=\"advert-link\">\r\n                <span class=\"advert-link-text\">Le Groupe de Lyon<\/span>\r\n                            <\/span>\r\n            <a href=\"https:\/\/www.exposition-paris.info\/galeries-art-paris\/advert\/le-groupe-de-lyon\/\" title=\"Le Groupe de Lyon\" class=\"advert-link-wrap\"><\/a>\r\n        <\/div>\r\n\r\n        <div class=\"advert-published \">\r\n\r\n            <span class=\"advert-date\">22 avril 2026<\/span>\r\n\r\n                                    <span class=\"advert-item-col-1-only advert-location adverts-icon-location\">Galerie Les Montparnos, 5 rue Stanislas, 75006 Paris<\/span>\r\n            \r\n                                    <div class=\"advert-price adverts-price-empty\">Gratuit<\/div>\r\n                    <\/div>\r\n\r\n    <\/div>\r\n            <div class=\"advert-item advert-item-col-1 advert-id-9304\">\r\n\r\n                <div class=\"advert-img\">\r\n                                            <img decoding=\"async\" src=\"https:\/\/www.exposition-paris.info\/galeries-art-paris\/wp-content\/uploads\/lisbeth-crop-edit-for-publication-310x190.jpg\" class=\"advert-item-grow\" title=\"\" alt=\"\" \/>\r\n                    <\/div>\r\n     \r\n        <div class=\"advert-post-title\">\r\n            <span title=\"LYRIQUE &#8211; nouvelles \u0153uvres de l\u2019artiste explorant les tensions morales contemporaines\" class=\"advert-link\">\r\n                <span class=\"advert-link-text\">LYRIQUE &#8211; nouvelles \u0153uvres de l\u2019artiste explorant les tensions morales contemporaines<\/span>\r\n                            <\/span>\r\n            <a href=\"https:\/\/www.exposition-paris.info\/galeries-art-paris\/advert\/lyrique-nouvelles-oeuvres-de-lartiste-explorant-les-tensions-morales-contemporaines\/\" title=\"LYRIQUE &#8211; nouvelles \u0153uvres de l\u2019artiste explorant les tensions morales contemporaines\" class=\"advert-link-wrap\"><\/a>\r\n        <\/div>\r\n\r\n        <div class=\"advert-published \">\r\n\r\n            <span class=\"advert-date\">19 avril 2026<\/span>\r\n\r\n                                    <span class=\"advert-item-col-1-only advert-location adverts-icon-location\">10 Rue Jean Mac\u00e9, Paris 75011 <\/span>\r\n            \r\n                                    <div class=\"advert-price adverts-price-empty\">Gratuit<\/div>\r\n                    <\/div>\r\n\r\n    <\/div>\r\n            <div class=\"advert-item advert-item-col-1 advert-id-9302\">\r\n\r\n                <div class=\"advert-img\">\r\n                                            <img decoding=\"async\" src=\"https:\/\/www.exposition-paris.info\/galeries-art-paris\/wp-content\/uploads\/Jean-Marc-Ballee-Anniversarium-Stress-2026-CMJN-310x190.jpg\" class=\"advert-item-grow\" title=\"\" alt=\"\" \/>\r\n                    <\/div>\r\n     \r\n        <div class=\"advert-post-title\">\r\n            <span title=\"Anniversarium Stress\" class=\"advert-link\">\r\n                <span class=\"advert-link-text\">Anniversarium Stress<\/span>\r\n                            <\/span>\r\n            <a href=\"https:\/\/www.exposition-paris.info\/galeries-art-paris\/advert\/anniversarium-stress\/\" title=\"Anniversarium Stress\" class=\"advert-link-wrap\"><\/a>\r\n        <\/div>\r\n\r\n        <div class=\"advert-published \">\r\n\r\n            <span class=\"advert-date\">15 avril 2026<\/span>\r\n\r\n                                    <span class=\"advert-item-col-1-only advert-location adverts-icon-location\">Nogent sur marne<\/span>\r\n            \r\n                                    <div class=\"advert-price adverts-price-empty\">Gratuit<\/div>\r\n                    <\/div>\r\n\r\n    <\/div>\r\n            <div class=\"advert-item advert-item-col-1 advert-id-9297\">\r\n\r\n                <div class=\"advert-img\">\r\n                                            <img decoding=\"async\" src=\"https:\/\/www.exposition-paris.info\/galeries-art-paris\/wp-content\/uploads\/Affiche-Voyager-le-Japon-_2-310x190.jpg\" class=\"advert-item-grow\" title=\"\" alt=\"\" \/>\r\n                    <\/div>\r\n     \r\n        <div class=\"advert-post-title\">\r\n            <span title=\"\u00abVoyager le Japon\u00bb de Solveig Sauvage\" class=\"advert-link\">\r\n                <span class=\"advert-link-text\">\u00abVoyager le Japon\u00bb de Solveig Sauvage<\/span>\r\n                            <\/span>\r\n            <a href=\"https:\/\/www.exposition-paris.info\/galeries-art-paris\/advert\/voyager-le-japon-de-solveig-sauvage\/\" title=\"\u00abVoyager le Japon\u00bb de Solveig Sauvage\" class=\"advert-link-wrap\"><\/a>\r\n        <\/div>\r\n\r\n        <div class=\"advert-published \">\r\n\r\n            <span class=\"advert-date\">13 avril 2026<\/span>\r\n\r\n                                    <span class=\"advert-item-col-1-only advert-location adverts-icon-location\">HIS Paris - 2 rue du renard, 75004 Paris<\/span>\r\n            \r\n                                    <div class=\"advert-price adverts-price-empty\">Gratuit<\/div>\r\n                    <\/div>\r\n\r\n    <\/div>\r\n            <div class=\"advert-item advert-item-col-1 advert-id-9293\">\r\n\r\n                <div class=\"advert-img\">\r\n                                            <img decoding=\"async\" src=\"https:\/\/www.exposition-paris.info\/galeries-art-paris\/wp-content\/uploads\/Studio-Photo-Laurence-Prat-43-rue-de-la-Plaine-2-1-310x190.jpg\" class=\"advert-item-grow\" title=\"\" alt=\"\" \/>\r\n                    <\/div>\r\n     \r\n        <div class=\"advert-post-title\">\r\n            <span title=\"Du 8 au 11 mai, les artistes des ateliers du P\u00e8re-Lachaise Associ\u00e9s ouvrent leurs portes\" class=\"advert-link\">\r\n                <span class=\"advert-link-text\">Du 8 au 11 mai, les artistes des ateliers du P\u00e8re-Lachaise Associ\u00e9s ouvrent leurs portes<\/span>\r\n                            <\/span>\r\n            <a href=\"https:\/\/www.exposition-paris.info\/galeries-art-paris\/advert\/du-8-au-11-mai-les-artistes-des-ateliers-du-pere-lachaise-associes-ouvrent-leurs-portes\/\" title=\"Du 8 au 11 mai, les artistes des ateliers du P\u00e8re-Lachaise Associ\u00e9s ouvrent leurs portes\" class=\"advert-link-wrap\"><\/a>\r\n        <\/div>\r\n\r\n        <div class=\"advert-published \">\r\n\r\n            <span class=\"advert-date\">13 avril 2026<\/span>\r\n\r\n                        \r\n                                    <div class=\"advert-price adverts-price-empty\">Gratuit<\/div>\r\n                    <\/div>\r\n\r\n    <\/div>\r\n            <div class=\"advert-item advert-item-col-1 advert-id-9287\">\r\n\r\n                <div class=\"advert-img\">\r\n                                            <img decoding=\"async\" src=\"https:\/\/www.exposition-paris.info\/galeries-art-paris\/wp-content\/uploads\/Exposition-Bleu-vegetal_Marie-Denis_Galerie-Alberta-Pane-310x190.jpg\" class=\"advert-item-grow\" title=\"\" alt=\"\" \/>\r\n                    <\/div>\r\n     \r\n        <div class=\"advert-post-title\">\r\n            <span title=\"Bleu v\u00e9g\u00e9tal\" class=\"advert-link\">\r\n                <span class=\"advert-link-text\">Bleu v\u00e9g\u00e9tal<\/span>\r\n                            <\/span>\r\n            <a href=\"https:\/\/www.exposition-paris.info\/galeries-art-paris\/advert\/bleu-vegetal\/\" title=\"Bleu v\u00e9g\u00e9tal\" class=\"advert-link-wrap\"><\/a>\r\n        <\/div>\r\n\r\n        <div class=\"advert-published \">\r\n\r\n            <span class=\"advert-date\">10 avril 2026<\/span>\r\n\r\n                                    <span class=\"advert-item-col-1-only advert-location adverts-icon-location\">44 et 47 rue de Montmorency, 75003 Paris<\/span>\r\n            \r\n                                    <div class=\"advert-price adverts-price-empty\">Gratuit<\/div>\r\n                    <\/div>\r\n\r\n    <\/div>\r\n            <div class=\"advert-item advert-item-col-1 advert-id-9285\">\r\n\r\n                <div class=\"advert-img\">\r\n                                            <img decoding=\"async\" src=\"https:\/\/www.exposition-paris.info\/galeries-art-paris\/wp-content\/uploads\/or-copie-310x190.jpg\" class=\"advert-item-grow\" title=\"\" alt=\"\" \/>\r\n                    <\/div>\r\n     \r\n        <div class=\"advert-post-title\">\r\n            <span title=\"L or Bleu r\u00e9aliser au Leica M type 240\" class=\"advert-link\">\r\n                <span class=\"advert-link-text\">L or Bleu r\u00e9aliser au Leica M type 240<\/span>\r\n                            <\/span>\r\n            <a href=\"https:\/\/www.exposition-paris.info\/galeries-art-paris\/advert\/l-or-bleu-realiser-au-leica-m-type-240\/\" title=\"L or Bleu r\u00e9aliser au Leica M type 240\" class=\"advert-link-wrap\"><\/a>\r\n        <\/div>\r\n\r\n        <div class=\"advert-published \">\r\n\r\n            <span class=\"advert-date\">8 avril 2026<\/span>\r\n\r\n                                    <span class=\"advert-item-col-1-only advert-location adverts-icon-location\">5 rue ren\u00e9 goscinny75013 Paris<\/span>\r\n            \r\n                                    <div class=\"advert-price adverts-price-empty\">Gratuit<\/div>\r\n                    <\/div>\r\n\r\n    <\/div>\r\n            <div class=\"advert-item advert-item-col-1 advert-id-9283\">\r\n\r\n                <div class=\"advert-img\">\r\n                                            <img decoding=\"async\" src=\"https:\/\/www.exposition-paris.info\/galeries-art-paris\/wp-content\/uploads\/AFFICHE-ALICIA-2026-II-310x190.jpg\" class=\"advert-item-grow\" title=\"\" alt=\"\" \/>\r\n                    <\/div>\r\n     \r\n        <div class=\"advert-post-title\">\r\n            <span title=\"La f\u00eate de la Mer\" class=\"advert-link\">\r\n                <span class=\"advert-link-text\">La f\u00eate de la Mer<\/span>\r\n                            <\/span>\r\n            <a href=\"https:\/\/www.exposition-paris.info\/galeries-art-paris\/advert\/la-fete-de-la-mer\/\" title=\"La f\u00eate de la Mer\" class=\"advert-link-wrap\"><\/a>\r\n        <\/div>\r\n\r\n        <div class=\"advert-published \">\r\n\r\n            <span class=\"advert-date\">7 avril 2026<\/span>\r\n\r\n                                    <span class=\"advert-item-col-1-only advert-location adverts-icon-location\">2,ter Chemin Blanche Hoched\u00e9-Monet. Giverny<\/span>\r\n            \r\n                                    <div class=\"advert-price adverts-price-empty\">Gratuit<\/div>\r\n                    <\/div>\r\n\r\n    <\/div>\r\n            <div class=\"advert-item advert-item-col-1 advert-id-9281\">\r\n\r\n                <div class=\"advert-img\">\r\n                                            <img decoding=\"async\" src=\"https:\/\/www.exposition-paris.info\/galeries-art-paris\/wp-content\/uploads\/Affiche-PopSit-310x190.jpg\" class=\"advert-item-grow\" title=\"\" alt=\"\" \/>\r\n                    <\/div>\r\n     \r\n        <div class=\"advert-post-title\">\r\n            <span title=\"Pop &amp; Sit\" class=\"advert-link\">\r\n                <span class=\"advert-link-text\">Pop &amp; Sit<\/span>\r\n                            <\/span>\r\n            <a href=\"https:\/\/www.exposition-paris.info\/galeries-art-paris\/advert\/pop-sit\/\" title=\"Pop &amp; Sit\" class=\"advert-link-wrap\"><\/a>\r\n        <\/div>\r\n\r\n        <div class=\"advert-published \">\r\n\r\n            <span class=\"advert-date\">6 avril 2026<\/span>\r\n\r\n                                    <span class=\"advert-item-col-1-only advert-location adverts-icon-location\">Franconville<\/span>\r\n            \r\n                                    <div class=\"advert-price adverts-price-empty\">Gratuit<\/div>\r\n                    <\/div>\r\n\r\n    <\/div>\r\n            <div class=\"advert-item advert-item-col-1 advert-id-9277\">\r\n\r\n                <div class=\"advert-img\">\r\n                                            <img decoding=\"async\" src=\"https:\/\/www.exposition-paris.info\/galeries-art-paris\/wp-content\/uploads\/Affiche-davril-2026_260402_165256_page-0001-310x190.jpg\" class=\"advert-item-grow\" title=\"\" alt=\"\" \/>\r\n                    <\/div>\r\n     \r\n        <div class=\"advert-post-title\">\r\n            <span title=\"Exposition: L\u2019innocence des mondes : dialogue silencieux entre Guo Chunyao et Zhu Qingwei \u00bb\" class=\"advert-link\">\r\n                <span class=\"advert-link-text\">Exposition: L\u2019innocence des mondes : dialogue silencieux entre Guo Chunyao et Zhu Qingwei \u00bb<\/span>\r\n                            <\/span>\r\n            <a href=\"https:\/\/www.exposition-paris.info\/galeries-art-paris\/advert\/exposition-linnocence-des-mondes-dialogue-silencieux-entre-guo-chunyao-et-zhu-qingwei\/\" title=\"Exposition: L\u2019innocence des mondes : dialogue silencieux entre Guo Chunyao et Zhu Qingwei \u00bb\" class=\"advert-link-wrap\"><\/a>\r\n        <\/div>\r\n\r\n        <div class=\"advert-published \">\r\n\r\n            <span class=\"advert-date\">4 avril 2026<\/span>\r\n\r\n                                    <span class=\"advert-item-col-1-only advert-location adverts-icon-location\">17, rue Biscornet75012 Paris<\/span>\r\n            \r\n                                    <div class=\"advert-price adverts-price-empty\">Gratuit<\/div>\r\n                    <\/div>\r\n\r\n    <\/div>\r\n            <div class=\"advert-item advert-item-col-1 advert-id-9271\">\r\n\r\n                <div class=\"advert-img\">\r\n                                            <img decoding=\"async\" src=\"https:\/\/www.exposition-paris.info\/galeries-art-paris\/wp-content\/uploads\/Lechapee_huilesurtoile_73x60\u00a9PaulineBailly1_2-1-310x190.jpg\" class=\"advert-item-grow\" title=\"\" alt=\"\" \/>\r\n                    <\/div>\r\n     \r\n        <div class=\"advert-post-title\">\r\n            <span title=\"Exposition solo \u00ab\u00a0Embrumer le r\u00e9el\u00a0\u00bb\u00a0:\u00a0Pauline Bailly (La Femme-Nuage)\" class=\"advert-link\">\r\n                <span class=\"advert-link-text\">Exposition solo \u00ab\u00a0Embrumer le r\u00e9el\u00a0\u00bb\u00a0:\u00a0Pauline Bailly (La Femme-Nuage)<\/span>\r\n                            <\/span>\r\n            <a href=\"https:\/\/www.exposition-paris.info\/galeries-art-paris\/advert\/exposition-solo-embrumer-le-reel-pauline-bailly-la-femme-nuage\/\" title=\"Exposition solo \u00ab\u00a0Embrumer le r\u00e9el\u00a0\u00bb\u00a0:\u00a0Pauline Bailly (La Femme-Nuage)\" class=\"advert-link-wrap\"><\/a>\r\n        <\/div>\r\n\r\n        <div class=\"advert-published \">\r\n\r\n            <span class=\"advert-date\">3 avril 2026<\/span>\r\n\r\n                                    <span class=\"advert-item-col-1-only advert-location adverts-icon-location\">Paris<\/span>\r\n            \r\n                                    <div class=\"advert-price adverts-price-empty\">Gratuit<\/div>\r\n                    <\/div>\r\n\r\n    <\/div>\r\n            <div class=\"advert-item advert-item-col-1 advert-id-9268\">\r\n\r\n                <div class=\"advert-img\">\r\n                                            <img decoding=\"async\" src=\"https:\/\/www.exposition-paris.info\/galeries-art-paris\/wp-content\/uploads\/MOON-INVITATION-310x190.jpeg\" class=\"advert-item-grow\" title=\"\" alt=\"\" \/>\r\n                    <\/div>\r\n     \r\n        <div class=\"advert-post-title\">\r\n            <span title=\"MOON\" class=\"advert-link\">\r\n                <span class=\"advert-link-text\">MOON<\/span>\r\n                            <\/span>\r\n            <a href=\"https:\/\/www.exposition-paris.info\/galeries-art-paris\/advert\/moon\/\" title=\"MOON\" class=\"advert-link-wrap\"><\/a>\r\n        <\/div>\r\n\r\n        <div class=\"advert-published \">\r\n\r\n            <span class=\"advert-date\">1 avril 2026<\/span>\r\n\r\n                                    <span class=\"advert-item-col-1-only advert-location adverts-icon-location\">30 galerie Vivienne, 75002 PARIS<\/span>\r\n            \r\n                                    <div class=\"advert-price adverts-price-empty\">Gratuit<\/div>\r\n                    <\/div>\r\n\r\n    <\/div>\r\n            <div class=\"advert-item advert-item-col-1 advert-id-9264\">\r\n\r\n                <div class=\"advert-img\">\r\n                                            <img decoding=\"async\" src=\"https:\/\/www.exposition-paris.info\/galeries-art-paris\/wp-content\/uploads\/Chayan-Khoi_Lost-Worlds_BDP-2026-310x190.jpg\" class=\"advert-item-grow\" title=\"\" alt=\"\" \/>\r\n                    <\/div>\r\n     \r\n        <div class=\"advert-post-title\">\r\n            <span title=\"Exposition Photo \/ Chayan Khoi \/ Bal des Princesses 2026\" class=\"advert-link\">\r\n                <span class=\"advert-link-text\">Exposition Photo \/ Chayan Khoi \/ Bal des Princesses 2026<\/span>\r\n                            <\/span>\r\n            <a href=\"https:\/\/www.exposition-paris.info\/galeries-art-paris\/advert\/exposition-photo-chayan-khoi-bal-des-princesses-2026\/\" title=\"Exposition Photo \/ Chayan Khoi \/ Bal des Princesses 2026\" class=\"advert-link-wrap\"><\/a>\r\n        <\/div>\r\n\r\n        <div class=\"advert-published \">\r\n\r\n            <span class=\"advert-date\">31 mars 2026<\/span>\r\n\r\n                                    <span class=\"advert-item-col-1-only advert-location adverts-icon-location\">Hotel de Gu\u00e9n\u00e9gaud, 60 rue des Archives, 75003 Paris<\/span>\r\n            \r\n                                    <div class=\"advert-price\">120.00\u20ac<\/div>\r\n                    <\/div>\r\n\r\n    <\/div>\r\n            <div class=\"advert-item advert-item-col-1 advert-id-9262\">\r\n\r\n                <div class=\"advert-img\">\r\n                                            <img decoding=\"async\" src=\"https:\/\/www.exposition-paris.info\/galeries-art-paris\/wp-content\/uploads\/GALERIE-LA-VACHE-BLEUE-1-310x190.png\" class=\"advert-item-grow\" title=\"\" alt=\"\" \/>\r\n                    <\/div>\r\n     \r\n        <div class=\"advert-post-title\">\r\n            <span title=\"Exposition Fanny Batt \u00e0 la Galerie la Vache Bleue &#8211; 10\/04\/2026 au 19\/04\/2026\" class=\"advert-link\">\r\n                <span class=\"advert-link-text\">Exposition Fanny Batt \u00e0 la Galerie la Vache Bleue &#8211; 10\/04\/2026 au 19\/04\/2026<\/span>\r\n                            <\/span>\r\n            <a href=\"https:\/\/www.exposition-paris.info\/galeries-art-paris\/advert\/exposition-fanny-batt-a-la-galerie-la-vache-bleue-10-04-2026-au-19-04-2026\/\" title=\"Exposition Fanny Batt \u00e0 la Galerie la Vache Bleue &#8211; 10\/04\/2026 au 19\/04\/2026\" class=\"advert-link-wrap\"><\/a>\r\n        <\/div>\r\n\r\n        <div class=\"advert-published \">\r\n\r\n            <span class=\"advert-date\">30 mars 2026<\/span>\r\n\r\n                                    <span class=\"advert-item-col-1-only advert-location adverts-icon-location\">Paris<\/span>\r\n            \r\n                                    <div class=\"advert-price adverts-price-empty\">Gratuit<\/div>\r\n                    <\/div>\r\n\r\n    <\/div>\r\n            <\/div>\r\n\r\n<div class=\"adverts-pagination\">\r\n    <\/div>\r\n\r\n[\/vc_column_text][\/vc_column][\/vc_row]<\/p>\n<\/section>","protected":false},"excerpt":{"rendered":"<p>[vc_row][vc_column][vc_column_text css=\u00a0\u00bb.vc_custom_1595854332186{margin-bottom: 10px !important;border-bottom-width: 0px !important;padding-bottom: 0px !important;}\u00a0\u00bb] Galeries d&rsquo;art \u00e0 Paris Retrouvez l&rsquo;actualit\u00e9 des galeries d&rsquo;art parisiennes. Expositions, vernissages et \u00e9v\u00e9nements artistiques \u00e0 Paris. [\/vc_column_text][vc_column_text css=\u00a0\u00bb.vc_custom_1653914912797{padding-right: 20px !important;padding-left: 20px !important;}\u00a0\u00bb][\/vc_column_text][\/vc_column][\/vc_row]<\/p>\n","protected":false},"author":1,"featured_media":0,"parent":0,"menu_order":0,"comment_status":"closed","ping_status":"closed","template":"","meta":{"footnotes":""},"class_list":["post-5","page","type-page","status-publish","hentry"],"aioseo_notices":[],"_links":{"self":[{"href":"https:\/\/www.exposition-paris.info\/galeries-art-paris\/wp-json\/wp\/v2\/pages\/5","targetHints":{"allow":["GET"]}}],"collection":[{"href":"https:\/\/www.exposition-paris.info\/galeries-art-paris\/wp-json\/wp\/v2\/pages"}],"about":[{"href":"https:\/\/www.exposition-paris.info\/galeries-art-paris\/wp-json\/wp\/v2\/types\/page"}],"author":[{"embeddable":true,"href":"https:\/\/www.exposition-paris.info\/galeries-art-paris\/wp-json\/wp\/v2\/users\/1"}],"replies":[{"embeddable":true,"href":"https:\/\/www.exposition-paris.info\/galeries-art-paris\/wp-json\/wp\/v2\/comments?post=5"}],"version-history":[{"count":11,"href":"https:\/\/www.exposition-paris.info\/galeries-art-paris\/wp-json\/wp\/v2\/pages\/5\/revisions"}],"predecessor-version":[{"id":1932,"href":"https:\/\/www.exposition-paris.info\/galeries-art-paris\/wp-json\/wp\/v2\/pages\/5\/revisions\/1932"}],"wp:attachment":[{"href":"https:\/\/www.exposition-paris.info\/galeries-art-paris\/wp-json\/wp\/v2\/media?parent=5"}],"curies":[{"name":"wp","href":"https:\/\/api.w.org\/{rel}","templated":true}]}}