{"id":9324,"date":"2026-04-30T15:43:28","date_gmt":"2026-04-30T13:43:28","guid":{"rendered":"https:\/\/www.exposition-paris.info\/galeries-art-paris\/?post_type=advert&#038;p=9324"},"modified":"2026-04-30T15:43:34","modified_gmt":"2026-04-30T13:43:34","slug":"hubert-le-gall-une-immersion-entre-foret-animalite-et-design-a-cuturi-gallery-paris","status":"publish","type":"advert","link":"https:\/\/www.exposition-paris.info\/galeries-art-paris\/advert\/hubert-le-gall-une-immersion-entre-foret-animalite-et-design-a-cuturi-gallery-paris\/","title":{"rendered":"Hubert Le Gall, une immersion entre for\u00eat, animalit\u00e9 et design \u00e0 Cuturi Gallery Paris"},"content":{"rendered":"<div class=\"text-base my-auto mx-auto [--thread-content-margin:var(--thread-content-margin-xs,calc(var(--spacing)*4))] @w-sm\/main:[--thread-content-margin:var(--thread-content-margin-sm,calc(var(--spacing)*6))] @w-lg\/main:[--thread-content-margin:var(--thread-content-margin-lg,calc(var(--spacing)*16))] px-(--thread-content-margin)\">\n<div class=\"[--thread-content-max-width:40rem] @w-lg\/main:[--thread-content-max-width:48rem] mx-auto max-w-(--thread-content-max-width) flex-1 group\/turn-messages focus-visible:outline-hidden relative flex w-full min-w-0 flex-col agent-turn\">\n<div class=\"flex max-w-full flex-col gap-4 grow\">\n<div class=\"min-h-8 text-message relative flex w-full flex-col items-end gap-2 text-start break-words whitespace-normal outline-none keyboard-focused:focus-ring [.text-message+&amp;]:mt-1\" dir=\"auto\" data-message-author-role=\"assistant\" data-message-id=\"f572292f-73e7-4bdd-960e-c4f2d96ea58e\" data-message-model-slug=\"gpt-5-3-mini\">\n<div class=\"flex w-full flex-col gap-1 empty:hidden\">\n<div class=\"markdown prose dark:prose-invert w-full wrap-break-word light markdown-new-styling\">\n<p data-start=\"0\" data-end=\"378\">\u00c0 compter du 28 mai 2026, Cuturi Gallery Paris pr\u00e9sente sa premi\u00e8re exposition monographique consacr\u00e9e \u00e0 l\u2019artiste et designer Hubert Le Gall, con\u00e7ue en collaboration avec le commissaire Bruno Gaudichon. Intitul\u00e9e <em data-start=\"214\" data-end=\"265\">\u00ab Arbres de la for\u00eat, vous connaissez notre \u00e2me \u00bb<\/em>, l\u2019exposition s\u2019inscrit dans un univers forestier qui structure l\u2019ensemble du parcours et des \u0153uvres pr\u00e9sent\u00e9es.<\/p>\n<p data-start=\"380\" data-end=\"677\">Inspir\u00e9 d\u2019un po\u00e8me de Victor Hugo, le projet \u00e9largit la notion d\u2019\u00e2me \u00e0 une dimension qui d\u00e9passe l\u2019humain pour inclure le vivant dans son ensemble, entre nature et animalit\u00e9. Les figures animales y jouent un r\u00f4le central et agissent comme des passeurs entre diff\u00e9rentes g\u00e9ographies et imaginaires.<\/p>\n<p data-start=\"679\" data-end=\"1055\" data-is-last-node=\"\" data-is-only-node=\"\">Les pi\u00e8ces pr\u00e9sent\u00e9es composent un ensemble narratif o\u00f9 design et sculpture se rejoignent. Consoles, cabinets et luminaires deviennent autant de r\u00e9cits visuels : entre la Gr\u00e8ce antique, l\u2019Asie ou encore l&rsquo;Europe, chaque \u0153uvre explore un univers symbolique propre.<\/p>\n<p class=\"p2\">\u00c0 la crois\u00e9e du design et de la sculpture, les \u0153uvres d\u2019Hubert Le Gall r\u00e9v\u00e8lent un langage singulier o\u00f9 chaque pi\u00e8ce, \u00e0 la fois fonctionnelle et narrative, s\u2019inscrit dans un imaginaire nourri de m\u00e9moire et d\u2019une relation sensible au vivant.<\/p>\n<\/div>\n<p class=\"p1\">Du 15 juin au 1er ao\u00fbt 2026, un prolongement de l\u2019exposition parisienne est propos\u00e9e \u00e0 la Villa No\u00ebl, \u00e0 Noves (Bouches-du-Rh\u00f4ne). Visites sur r\u00e9servation uniquement.<\/p>\n<\/div>\n<\/div>\n<\/div>\n<\/div>\n<\/div>\n","protected":false},"author":555,"template":"","advert_category":[11,4],"class_list":["post-9324","classified","type-advert","status-publish","has-post-thumbnail","hentry","advert_category-design","advert_category-sculptures"],"aioseo_notices":[],"_links":{"self":[{"href":"https:\/\/www.exposition-paris.info\/galeries-art-paris\/wp-json\/wp\/v2\/advert\/9324","targetHints":{"allow":["GET"]}}],"collection":[{"href":"https:\/\/www.exposition-paris.info\/galeries-art-paris\/wp-json\/wp\/v2\/advert"}],"about":[{"href":"https:\/\/www.exposition-paris.info\/galeries-art-paris\/wp-json\/wp\/v2\/types\/advert"}],"author":[{"embeddable":true,"href":"https:\/\/www.exposition-paris.info\/galeries-art-paris\/wp-json\/wp\/v2\/users\/555"}],"wp:featuredmedia":[{"embeddable":true,"href":"https:\/\/www.exposition-paris.info\/galeries-art-paris\/wp-json\/wp\/v2\/media\/9327"}],"wp:attachment":[{"href":"https:\/\/www.exposition-paris.info\/galeries-art-paris\/wp-json\/wp\/v2\/media?parent=9324"}],"wp:term":[{"taxonomy":"advert_category","embeddable":true,"href":"https:\/\/www.exposition-paris.info\/galeries-art-paris\/wp-json\/wp\/v2\/advert_category?post=9324"}],"curies":[{"name":"wp","href":"https:\/\/api.w.org\/{rel}","templated":true}]}}