{"id":9187,"date":"2026-03-09T14:14:37","date_gmt":"2026-03-09T13:14:37","guid":{"rendered":"https:\/\/www.exposition-paris.info\/galeries-art-paris\/?post_type=advert&#038;p=9187"},"modified":"2026-04-08T14:24:34","modified_gmt":"2026-04-08T12:24:34","slug":"exposition-claude-et-noel-franc-un-ruban-de-soleil","status":"expired","type":"advert","link":"https:\/\/www.exposition-paris.info\/galeries-art-paris\/advert\/exposition-claude-et-noel-franc-un-ruban-de-soleil\/","title":{"rendered":"Exposition Claude et No\u00ebl Franc, un ruban de soleil"},"content":{"rendered":"<p><strong>26 mars &#8211; 14 mai 2026<\/strong><br \/>\nVernissage jeudi 26 mars \u00e0 partir de 18h30.<br \/>\ndu mardi au samedi \/ 10h30-18h30.<br \/>\nGalerie Les Montparnos, 5 rue Stanislas, Paris 6<\/p>\n<p>C\u2019est toujours une joie profonde de d\u00e9couvrir un peintre. Mais ici la joie est double, car il s\u2019agit non pas d\u2019un peintre, mais de deux, et plus pr\u00e9cis\u00e9ment d\u2019un couple\u00a0: Claude et No\u00ebl Franc, deux destins \u00e0 part enti\u00e8re, deux caract\u00e8res, deux routes qui se rencontrent pour partager une m\u00eame aventure, la peinture.<br \/>\nTous deux sont n\u00e9s en 1935 et d\u2019origine lyonnaise. Claude \u00e9tudie les arts d\u00e9coratifs \u00e0 Paris\u00a0; No\u00ebl se forme aux Beaux-Arts de Lyon. Avant de se rencontrer, ils exercent diff\u00e9rents m\u00e9tiers. Claude, \u00e9talagiste et d\u00e9coratrice, va travailler pour la maison Dior \u00e0 Paris\u00a0; No\u00ebl est architecte d\u2019int\u00e9rieur. Ils se rencontrent en 1962 et ne se quitteront plus. Claude et No\u00ebl s\u2019installent en 1969, \u00e0 Dardilly, \u00e0 deux pas de Lyon. Cette maison \u00e0 la campagne se transforme alors en atelier ouvert, accueillant pendant plus de vingt ans amis, peintres et mod\u00e8les. Dardilly marque le d\u00e9but de leurs engagements pour la peinture. En qu\u00eate de lumi\u00e8re et de couleurs, ils vont beaucoup voyager. La d\u00e9couverte du Maroc sera une importante source d\u2019inspiration.<br \/>\n\u00c0 Lyon, au Maroc ou en Provence, chevalet contre chevalet, en plein air ou \u00e0 l\u2019atelier, Claude et No\u00ebl peignent l\u2019atmosph\u00e8re de ces moments heureux. Une \u0153uvre \u00e0 deux mains, sensuelle et solaire. Les compositions sont structur\u00e9es et la palette est lumineuse. Claude et No\u00ebl fixent pour toujours les rythmes et les agitations de sc\u00e8nes de vie\u00a0: la foule des march\u00e9s, le bruit des caf\u00e9s, la ville, ses rues et ses places, les paysages ensoleill\u00e9s, les nus d\u2019apr\u00e8s mod\u00e8les, les natures mortes et silhouettes en mouvement. Ensemble, ils deviennent des figures incontournables de l\u2019\u00e9cole lyonnaise.<\/p>\n","protected":false},"author":215,"template":"","advert_category":[16,3,8],"class_list":["post-9187","classified","type-advert","status-expired","has-post-thumbnail","hentry","advert_category-art-contemporain","advert_category-peintures","advert_category-vernissages"],"aioseo_notices":[],"_links":{"self":[{"href":"https:\/\/www.exposition-paris.info\/galeries-art-paris\/wp-json\/wp\/v2\/advert\/9187","targetHints":{"allow":["GET"]}}],"collection":[{"href":"https:\/\/www.exposition-paris.info\/galeries-art-paris\/wp-json\/wp\/v2\/advert"}],"about":[{"href":"https:\/\/www.exposition-paris.info\/galeries-art-paris\/wp-json\/wp\/v2\/types\/advert"}],"author":[{"embeddable":true,"href":"https:\/\/www.exposition-paris.info\/galeries-art-paris\/wp-json\/wp\/v2\/users\/215"}],"wp:featuredmedia":[{"embeddable":true,"href":"https:\/\/www.exposition-paris.info\/galeries-art-paris\/wp-json\/wp\/v2\/media\/9189"}],"wp:attachment":[{"href":"https:\/\/www.exposition-paris.info\/galeries-art-paris\/wp-json\/wp\/v2\/media?parent=9187"}],"wp:term":[{"taxonomy":"advert_category","embeddable":true,"href":"https:\/\/www.exposition-paris.info\/galeries-art-paris\/wp-json\/wp\/v2\/advert_category?post=9187"}],"curies":[{"name":"wp","href":"https:\/\/api.w.org\/{rel}","templated":true}]}}