{"id":9150,"date":"2026-03-04T15:47:44","date_gmt":"2026-03-04T14:47:44","guid":{"rendered":"https:\/\/www.exposition-paris.info\/galeries-art-paris\/?post_type=advert&#038;p=9150"},"modified":"2026-04-03T15:50:16","modified_gmt":"2026-04-03T13:50:16","slug":"polaroid-mosaics-clement-grosjean","status":"expired","type":"advert","link":"https:\/\/www.exposition-paris.info\/galeries-art-paris\/advert\/polaroid-mosaics-clement-grosjean\/","title":{"rendered":"POLAROID MOSAICS &#8211; Cl\u00e9ment Grosjean"},"content":{"rendered":"<div>\n<p class=\"Corps\"><span class=\"Aucun\"><b>POLAROID MOSAICS<\/b><\/span><\/p>\n<\/div>\n<div>\n<p class=\"Corps\"><span class=\"Aucun\">par<\/span> <span class=\"Aucun\"><b>Cl\u00e9ment Grosjean<\/b><\/span><b><\/b><\/p>\n<\/div>\n<div>\n<p class=\"Corps\"><span class=\"Aucun\">du 19 au 29 Mars 2026 <\/span><\/p>\n<\/div>\n<div>\n<p class=\"Corps\"><span class=\"Aucun\"><i>Vernissage vendredi 20 mars \u00e0 18h30<\/i><\/span><i><\/i><\/p>\n<\/div>\n<div>\n<p class=\"Corps\">L<span class=\"Aucun\"><span lang=\"FR-CH\">es mosa\u00efques Polaroid de Cl\u00e9ment Grosjean sont comme des fen\u00eatres suspendues dans le temps, fragmentant le r\u00e9el pour en r\u00e9v\u00e9ler la po\u00e9sie. Chaque d\u00e9tail devient trace, chaque image un r\u00eave recompos\u00e9, o\u00f9 l\u2019espace se d\u00e9ploie entre m\u00e9moire et imagination.<\/span><\/span><\/p>\n<\/div>\n<div>\n<p class=\"Pardfaut\"><span class=\"Aucun\"><span lang=\"FR-CH\">\u00a0<\/span><\/span>L\u2019exposition \u00ab Polaroid Mosaics \u00bb pr\u00e9sente une centaine de polaroid en tirages originaux, ainsi que des tirages num\u00e9rot\u00e9s grands, voire tr\u00e8s grands, formats.<\/p>\n<\/div>\n<div>\n<hr \/>\n<\/div>\n<div>\n<p class=\"Pardfaut\"><span class=\"Aucun\"><b><span lang=\"FR-CH\">Cl\u00e9ment Grosjean<\/span><\/b><\/span><\/p>\n<\/div>\n<div>\n<p class=\"Pardfaut\"><span class=\"Aucun\"><b><span lang=\"FR-CH\">\u00a0<\/span><\/b><\/span>Photographe fran\u00e7ais, Cl\u00e9ment Grosjean capture le monde avec ses appareils Polaroid depuis 1998. Il privil\u00e9gie l&rsquo;authenticit\u00e9 des instants spontan\u00e9s du portrait ou de la photographie de rue. Des sc\u00e8nes quotidiennes et intimes, o\u00f9 le temps s\u2019arr\u00eate pour en d\u00e9voiler sa beaut\u00e9. Ses inspirations proviennent notamment de David Hockney et de Andy Warhol.<\/p>\n<\/div>\n<div>\n<p class=\"Pardfaut\"><span class=\"Aucun\"><span lang=\"FR-CH\">Cl\u00e9ment Grosjean est reconnu pour sa ma\u00eetrise de la cr\u00e9ation de mosa\u00efques complexes.<\/span><\/span><span class=\"Aucun\"><span lang=\"FR-CH\"> Son travail a \u00e9t\u00e9 expos\u00e9 lors de nombreux \u00e9v\u00e9nements consacr\u00e9s \u00e0 l&rsquo;Art Polaroid et dans des galeries telles que la MABE Gallery \u00e0 Gen\u00e8ve. Il a \u00e9t\u00e9 publi\u00e9 dans des ouvrages de r\u00e9f\u00e9rence comme le livre \u00ab\u00a0Polaroid Now\u00a0\u00bb.<\/span><\/span><\/p>\n<\/div>\n<div>\n<p class=\"Pardfaut\">Il est \u00e9galement le fondateur du Polaroid Festival, cr\u00e9\u00e9 en 2015. Au fil des \u00e9ditions, il y a rencontr\u00e9 de nombreux artistes talentueux et y a anim\u00e9 plusieurs ateliers consacr\u00e9s \u00e0 la pratique du Polaroid.<\/p>\n<\/div>\n<div>\n<p class=\"Pardfaut\"><span class=\"Aucun\"><span lang=\"FR-CH\">\u00a0<\/span><\/span>\u00ab <b>Je me sens comme un touriste dans ma propre ville <\/b>\u00bb<\/p>\n<hr \/>\n<\/div>\n<div>\n<p><strong>galerie paul*13<\/strong><br \/>\n13 rue la Condamine, 75017 Paris<\/p>\n<div>\n<p class=\"Standard\"><span class=\"Aucun\"><b>Dates\u00a0: <\/b><\/span><span class=\"Aucun\">du 19 au 29 Mars 2026<br \/>\n<\/span><i>Vernissage vendredi 20 mars \u00e0 18h30<\/i><\/p>\n<\/div>\n<div>\n<p class=\"Standard\"><span class=\"Aucun\"><b>Ouvertures : <\/b><\/span><span class=\"Aucun\">tous les jours de 15h \u00e0 20h<\/span><\/p>\n<\/div>\n<div>\n<p class=\"Standard\"><span class=\"Aucun\"><b>Tarif : <\/b><\/span><span class=\"Aucun\">Gratuit<\/span><b><\/b><\/p>\n<\/div>\n<div>\n<p class=\"Standard\"><span class=\"Aucun\">\u00a0<\/span><b><span lang=\"EN-US\">Acc\u00e8s : <\/span><\/b><span lang=\"EN-US\">M\u00e9tro ligne 13\/La Fourche, ligne 2\/Place de Clichy<\/span><\/p>\n<\/div>\n<\/div>\n","protected":false},"author":299,"template":"","advert_category":[9,8],"class_list":["post-9150","classified","type-advert","status-expired","has-post-thumbnail","hentry","advert_category-photographie","advert_category-vernissages"],"aioseo_notices":[],"_links":{"self":[{"href":"https:\/\/www.exposition-paris.info\/galeries-art-paris\/wp-json\/wp\/v2\/advert\/9150","targetHints":{"allow":["GET"]}}],"collection":[{"href":"https:\/\/www.exposition-paris.info\/galeries-art-paris\/wp-json\/wp\/v2\/advert"}],"about":[{"href":"https:\/\/www.exposition-paris.info\/galeries-art-paris\/wp-json\/wp\/v2\/types\/advert"}],"author":[{"embeddable":true,"href":"https:\/\/www.exposition-paris.info\/galeries-art-paris\/wp-json\/wp\/v2\/users\/299"}],"wp:featuredmedia":[{"embeddable":true,"href":"https:\/\/www.exposition-paris.info\/galeries-art-paris\/wp-json\/wp\/v2\/media\/9151"}],"wp:attachment":[{"href":"https:\/\/www.exposition-paris.info\/galeries-art-paris\/wp-json\/wp\/v2\/media?parent=9150"}],"wp:term":[{"taxonomy":"advert_category","embeddable":true,"href":"https:\/\/www.exposition-paris.info\/galeries-art-paris\/wp-json\/wp\/v2\/advert_category?post=9150"}],"curies":[{"name":"wp","href":"https:\/\/api.w.org\/{rel}","templated":true}]}}