{"id":8744,"date":"2025-10-16T12:23:48","date_gmt":"2025-10-16T10:23:48","guid":{"rendered":"https:\/\/www.exposition-paris.info\/galeries-art-paris\/?post_type=advert&#038;p=8744"},"modified":"2025-11-15T12:26:06","modified_gmt":"2025-11-15T11:26:06","slug":"menart-fair-ode-a-la-douceur","status":"expired","type":"advert","link":"https:\/\/www.exposition-paris.info\/galeries-art-paris\/advert\/menart-fair-ode-a-la-douceur\/","title":{"rendered":"MENART Fair &#8211; Ode \u00e0 la douceur"},"content":{"rendered":"<p>Port\u00e9e par le succ\u00e8s de ses derni\u00e8res \u00e9ditions, Menart Fair revient cette ann\u00e9e du 25 au 27 octobre 2025 en int\u00e9grant l\u2019agenda de la <em>Semaine de l\u2019art \u00e0 Paris. <\/em>Pour sa 6e\u00a0\u00e9dition, l\u2019unique foire en Europe d\u00e9di\u00e9e \u00e0 l\u2019art moderne et contemporain du MENA (Middle East, North Africa) r\u00e9unira 40 galeries de 18 pays dans les espaces de la Galerie Joseph, au coeur du quartier du Marais. Les \u0153uvres de plus d\u2019une centaine d\u2019artistes de 16 nationalit\u00e9s offriront un panorama de la sc\u00e8ne contemporaine et \u00e9mergente du monde Arabo-Persique.<\/p>\n<p>Menart Fair est une foire \u00e0 taille humaine qui privil\u00e9gie avant tout la d\u00e9couverte, le partage et les \u00e9changes fructueux entre les professionnels de l\u2019art. Elle offre un instantan\u00e9 de la sc\u00e8ne actuelle de la r\u00e9gion MENA, permettant aux visiteurs de d\u00e9couvrir des propositions curatoriales de port\u00e9e internationale.<\/p>\n<p>L\u2019\u00e9dition 2025 se tiendra sous le prisme de la douceur. Un choix th\u00e9matique manifeste dans un contexte g\u00e9opolitique particuli\u00e8rement sensible et violent. Artistes et \u0153uvres s\u00e9lectionn\u00e9s r\u00e9v\u00e8leront la force et la puissance que peut rev\u00eatir cette apparente qualit\u00e9.<\/p>\n<p><strong><em>Dans l\u2019univers de l\u2019art contemporain o\u00f9 semblent souvent primer le sensationnel, le spectaculaire, et la recherche d\u2019impact imm\u00e9diat dict\u00e9 par les algorithmes, la douceur s\u2019affirme en filigrane. Port\u00e9e par la subtilit\u00e9 plut\u00f4t que le choc, la mesure plut\u00f4t que le hurlement, elle devient parti-pris critique et position \u00e9thique : un choix d\u2019autant plus audacieux pour les artistes issus de la constellation cr\u00e9ative du Moyen-Orient et de l\u2019Afrique du Nord. <\/em><\/strong><br \/>\nLaure d\u2019Hauteville, fondatrice &amp; directrice de Menart Fair.<\/p>\n<p>&nbsp;<\/p>\n<p>Lieu ouvert de 12h \u00e0 20h les 25 et 26 octobre et de 12h \u00e0 19h le 27 octobre 2025.<\/p>\n<p>Entr\u00e9e gratuite pour les &#8211; 26 ans.<\/p>\n","protected":false},"author":257,"template":"","advert_category":[16],"class_list":["post-8744","classified","type-advert","status-expired","has-post-thumbnail","hentry","advert_category-art-contemporain"],"aioseo_notices":[],"_links":{"self":[{"href":"https:\/\/www.exposition-paris.info\/galeries-art-paris\/wp-json\/wp\/v2\/advert\/8744","targetHints":{"allow":["GET"]}}],"collection":[{"href":"https:\/\/www.exposition-paris.info\/galeries-art-paris\/wp-json\/wp\/v2\/advert"}],"about":[{"href":"https:\/\/www.exposition-paris.info\/galeries-art-paris\/wp-json\/wp\/v2\/types\/advert"}],"author":[{"embeddable":true,"href":"https:\/\/www.exposition-paris.info\/galeries-art-paris\/wp-json\/wp\/v2\/users\/257"}],"wp:featuredmedia":[{"embeddable":true,"href":"https:\/\/www.exposition-paris.info\/galeries-art-paris\/wp-json\/wp\/v2\/media\/8745"}],"wp:attachment":[{"href":"https:\/\/www.exposition-paris.info\/galeries-art-paris\/wp-json\/wp\/v2\/media?parent=8744"}],"wp:term":[{"taxonomy":"advert_category","embeddable":true,"href":"https:\/\/www.exposition-paris.info\/galeries-art-paris\/wp-json\/wp\/v2\/advert_category?post=8744"}],"curies":[{"name":"wp","href":"https:\/\/api.w.org\/{rel}","templated":true}]}}