{"id":8375,"date":"2025-08-01T12:18:11","date_gmt":"2025-08-01T10:18:11","guid":{"rendered":"https:\/\/www.exposition-paris.info\/galeries-art-paris\/?post_type=advert&#038;p=8375"},"modified":"2025-08-31T12:21:13","modified_gmt":"2025-08-31T10:21:13","slug":"deja-vu","status":"expired","type":"advert","link":"https:\/\/www.exposition-paris.info\/galeries-art-paris\/advert\/deja-vu\/","title":{"rendered":"D\u00e9j\u00e0-vu"},"content":{"rendered":"<p><span style=\"font-weight: 400\">L&rsquo;exposition \u00ab D\u00e9j\u00e0-vu \u00bb, pr\u00e9sent\u00e9e par Art for All Society et Avant-garde de Macao \u00e0 la Galerie Espace Temps \u00e0 Paris, invite les visiteurs \u00e0 une exploration profonde de la m\u00e9moire, de l&rsquo;identit\u00e9 et de la nature subjective du temps. Mettant en vedette trois artistes vid\u00e9astes et plasticiens de renom \u2013 Robert Cahen (France), Catherine Cheong (Macao) et Alice Kok (Macao) \u2013 l&rsquo;exposition se penche sur le concept du \u00ab d\u00e9j\u00e0-vu \u00bb, faisant \u00e9cho aux r\u00e9flexions de Proust sur le \u00ab temps retrouv\u00e9 \u00bb et de Freud sur l&rsquo;\u00ab <\/span><i><span style=\"font-weight: 400\">Unheimlich<\/span><\/i><span style=\"font-weight: 400\"> \u00bb (l&rsquo;inqui\u00e9tante \u00e9tranget\u00e9). \u00c0 travers une gamme vari\u00e9e d&rsquo;expressions artistiques incluant la vid\u00e9o, la gravure traditionnelle, la photographie et les proc\u00e9d\u00e9s num\u00e9riques , les artistes construisent des univers visuels captivants qui interrogent les r\u00e9cits personnels, la m\u00e9moire collective et la relation complexe entre le r\u00e9el et le symbolique. Cette exposition sert de rappel poignant que pour avancer, il faut se souvenir, soulignant les strates d&rsquo;exp\u00e9riences v\u00e9cues dans un \u00ab espace temps \u00bb transitoire.<\/span><\/p>\n<ul>\n<li style=\"font-weight: 400\"><span style=\"font-weight: 400\">Lieu : Galerie espace temps<\/span><\/li>\n<li style=\"font-weight: 400\"><span style=\"font-weight: 400\">Adresse : 98 R. Quincampoix, 75003 Paris<\/span><\/li>\n<li style=\"font-weight: 400\"><span style=\"font-weight: 400\">Dates : 22 &#8211; 30 ao\u00fbt 2025<\/span><\/li>\n<li style=\"font-weight: 400\"><span style=\"font-weight: 400\">Horaires : 12h-19h<\/span><\/li>\n<li style=\"font-weight: 400\"><span style=\"font-weight: 400\">Vernissage : 21 ao\u00fbt 2025, \u00e0 partir de 18h<\/span><\/li>\n<\/ul>\n","protected":false},"author":554,"template":"","advert_category":[16,8],"class_list":["post-8375","classified","type-advert","status-expired","hentry","advert_category-art-contemporain","advert_category-vernissages"],"aioseo_notices":[],"_links":{"self":[{"href":"https:\/\/www.exposition-paris.info\/galeries-art-paris\/wp-json\/wp\/v2\/advert\/8375","targetHints":{"allow":["GET"]}}],"collection":[{"href":"https:\/\/www.exposition-paris.info\/galeries-art-paris\/wp-json\/wp\/v2\/advert"}],"about":[{"href":"https:\/\/www.exposition-paris.info\/galeries-art-paris\/wp-json\/wp\/v2\/types\/advert"}],"author":[{"embeddable":true,"href":"https:\/\/www.exposition-paris.info\/galeries-art-paris\/wp-json\/wp\/v2\/users\/554"}],"wp:attachment":[{"href":"https:\/\/www.exposition-paris.info\/galeries-art-paris\/wp-json\/wp\/v2\/media?parent=8375"}],"wp:term":[{"taxonomy":"advert_category","embeddable":true,"href":"https:\/\/www.exposition-paris.info\/galeries-art-paris\/wp-json\/wp\/v2\/advert_category?post=8375"}],"curies":[{"name":"wp","href":"https:\/\/api.w.org\/{rel}","templated":true}]}}