{"id":8356,"date":"2025-07-18T15:47:39","date_gmt":"2025-07-18T13:47:39","guid":{"rendered":"https:\/\/www.exposition-paris.info\/galeries-art-paris\/?post_type=advert&#038;p=8356"},"modified":"2025-08-17T15:48:14","modified_gmt":"2025-08-17T13:48:14","slug":"le-voyageur","status":"expired","type":"advert","link":"https:\/\/www.exposition-paris.info\/galeries-art-paris\/advert\/le-voyageur\/","title":{"rendered":"Le voyageur"},"content":{"rendered":"<p data-start=\"173\" data-end=\"463\"><strong>Description de l&rsquo;exposition\u00a0<\/strong><\/p>\n<p data-start=\"173\" data-end=\"463\">L\u2019exposition <em data-start=\"186\" data-end=\"199\">Le Voyageur<\/em> commence par la prolongation de la collaboration de longue date avec la photographe B\u00e9atrice Landr\u00e9, \u00e0 laquelle j\u2019ai associ\u00e9 le c\u00e9ramiste et ami Daniel Cavey. Deux univers qui se compl\u00e8tent l\u2019un en noir et blanc tr\u00e8s contrast\u00e9, l\u2019autre en couleur poudr\u00e9e.<\/p>\n<p data-start=\"465\" data-end=\"800\">B\u00e9atrice Landr\u00e9 propose une invitation \u00e0 voyager dans un univers o\u00f9 l\u2019\u00e9corce des arbres et les rues du Japon se font \u00e9cho, o\u00f9 la mati\u00e8re brute et l\u2019environnement urbain se croisent dans un dialogue profond, souvent invisible \u00e0 l\u2019\u0153il nu. Une exploration po\u00e9tique du monde en noir et blanc r\u00e9v\u00e9lant la beaut\u00e9 cach\u00e9e dans chaque d\u00e9tail.<\/p>\n<p data-start=\"802\" data-end=\"1270\">Daniel Cavey revient avec des pi\u00e8ces de c\u00e9ramique plus imposantes qui finissent par envahir les murs de la galerie. Actuellement, l\u2019artiste \u00e9tudie les caract\u00e9ristiques animales pr\u00e9sentes dans les c\u00e9ramiques pr\u00e9colombiennes d&rsquo;Am\u00e9rique centrale et d&rsquo;Am\u00e9rique du Sud. Ce travail est l&rsquo;aboutissement de la recherche d&rsquo;un \u00e9quilibre entre la notion de poterie contemporaine perfectionn\u00e9e et la relation entre la morphologie, l&rsquo;environnement et le passage du temps.<\/p>\n<p data-start=\"1272\" data-end=\"1370\">Ces deux artistes, \u00e0 leur mani\u00e8re, vous offrent une exposition qui vous fera voyager ailleurs.<\/p>\n<p>&nbsp;<\/p>\n<p><strong>Artiste photographe<\/strong> : B\u00e9atrice Landr\u00e9<\/p>\n<p><strong>Artiste c\u00e9ramiste<\/strong> : Daniel Cavey<\/p>\n<p><strong>Date<\/strong> : Du 10 au 27 septembre<\/p>\n<p><strong>Vernissage<\/strong> : 11 septembre de 19h \u00e0 21h<\/p>\n<p><strong>Horaire<\/strong> : De 13h \u00e0 19h du mercredi au samedi<\/p>\n<p>&nbsp;<\/p>\n<p>&nbsp;<\/p>\n","protected":false},"author":278,"template":"","advert_category":[16,9,4],"class_list":["post-8356","classified","type-advert","status-expired","hentry","advert_category-art-contemporain","advert_category-photographie","advert_category-sculptures"],"aioseo_notices":[],"_links":{"self":[{"href":"https:\/\/www.exposition-paris.info\/galeries-art-paris\/wp-json\/wp\/v2\/advert\/8356","targetHints":{"allow":["GET"]}}],"collection":[{"href":"https:\/\/www.exposition-paris.info\/galeries-art-paris\/wp-json\/wp\/v2\/advert"}],"about":[{"href":"https:\/\/www.exposition-paris.info\/galeries-art-paris\/wp-json\/wp\/v2\/types\/advert"}],"author":[{"embeddable":true,"href":"https:\/\/www.exposition-paris.info\/galeries-art-paris\/wp-json\/wp\/v2\/users\/278"}],"wp:attachment":[{"href":"https:\/\/www.exposition-paris.info\/galeries-art-paris\/wp-json\/wp\/v2\/media?parent=8356"}],"wp:term":[{"taxonomy":"advert_category","embeddable":true,"href":"https:\/\/www.exposition-paris.info\/galeries-art-paris\/wp-json\/wp\/v2\/advert_category?post=8356"}],"curies":[{"name":"wp","href":"https:\/\/api.w.org\/{rel}","templated":true}]}}