{"id":7311,"date":"2024-09-30T16:06:52","date_gmt":"2024-09-30T14:06:52","guid":{"rendered":"https:\/\/www.exposition-paris.info\/galeries-art-paris\/?post_type=advert&#038;p=7311"},"modified":"2024-10-30T16:14:01","modified_gmt":"2024-10-30T15:14:01","slug":"exposition-et-vente-aux-encheres-au-profit-de-la-ligue-contre-le-cancer","status":"expired","type":"advert","link":"https:\/\/www.exposition-paris.info\/galeries-art-paris\/advert\/exposition-et-vente-aux-encheres-au-profit-de-la-ligue-contre-le-cancer\/","title":{"rendered":"Exposition et vente aux ench\u00e8res au profit de la Ligue contre le cancer"},"content":{"rendered":"<p><em><strong>L\u2019artiste fran\u00e7aise LASK vous invite \u00e0 un \u00e9v\u00e9nement exceptionnel dans l\u2019embl\u00e9matique H\u00f4tel de Ville de Paris.<\/strong><\/em><\/p>\n<p>Nous avons le plaisir de vous inviter \u00e0 une exposition suivie d&rsquo;une vente aux ench\u00e8res caritative au b\u00e9n\u00e9fice du Comit\u00e9 de Paris de la Ligue contre le cancer.<\/p>\n<p>Cette initiative financera un rallye nautique d\u2019une semaine au large du Finist\u00e8re pour des adolescents atteints de cancer. R\u00e9partis sur quatre voiliers, ces jeunes \u00e2g\u00e9s de 14 \u00e0 17 ans participeront \u00e0 un grand jeu de pistes, ponctu\u00e9 d\u2019\u00e9preuves et d\u2019\u00e9nigmes, offrant ainsi une exp\u00e9rience inoubliable et enrichissante.<\/p>\n<p>N&rsquo;h\u00e9sitez pas \u00e0 venir d\u00e9couvrir les 21 \u0153uvres exceptionnelles de Val\u00e9rie Laskier et participer au financement d&rsquo;un rallye nautique pour des adolescents atteints de cancer.<\/p>\n<p><em>La cha\u00eene h\u00f4teli\u00e8re fran\u00e7aise H\u00f4tels &amp; Pr\u00e9f\u00e9rence offrira un coffret cadeau de 2 nuits dans un \u00e9tablissement prestigieux \u00e0 l\u2019ench\u00e8re la plus importante de la vente.<\/em><\/p>\n<hr \/>\n<p><strong>Informations pratiques :<\/strong><\/p>\n<p>Entr\u00e9e gratuite, sur inscription :<\/p>\n<p>tania.kadoum@ligue-cancer.net<\/p>\n<p><em>H\u00f4tel de Ville de Paris<\/em><br \/>\n<em>Salle des Arcades<\/em><br \/>\n<em>3 rue Lobau \u2013 75004<\/em><\/p>\n<p>Lundi 14 octobre 2024<\/p>\n<p>14h -16h : Exposition des toiles, rencontre avec l\u2019artiste<\/p>\n<p>16h -17h : Vente aux ench\u00e8res<\/p>\n<hr \/>\n<p><strong>Soyez nombreux et nombreuses \u00e0 participer \u00e0 cet \u00e9v\u00e9nement solidaire !<\/strong><\/p>\n","protected":false},"author":503,"template":"","advert_category":[3],"class_list":["post-7311","classified","type-advert","status-expired","hentry","advert_category-peintures"],"aioseo_notices":[],"_links":{"self":[{"href":"https:\/\/www.exposition-paris.info\/galeries-art-paris\/wp-json\/wp\/v2\/advert\/7311","targetHints":{"allow":["GET"]}}],"collection":[{"href":"https:\/\/www.exposition-paris.info\/galeries-art-paris\/wp-json\/wp\/v2\/advert"}],"about":[{"href":"https:\/\/www.exposition-paris.info\/galeries-art-paris\/wp-json\/wp\/v2\/types\/advert"}],"author":[{"embeddable":true,"href":"https:\/\/www.exposition-paris.info\/galeries-art-paris\/wp-json\/wp\/v2\/users\/503"}],"wp:attachment":[{"href":"https:\/\/www.exposition-paris.info\/galeries-art-paris\/wp-json\/wp\/v2\/media?parent=7311"}],"wp:term":[{"taxonomy":"advert_category","embeddable":true,"href":"https:\/\/www.exposition-paris.info\/galeries-art-paris\/wp-json\/wp\/v2\/advert_category?post=7311"}],"curies":[{"name":"wp","href":"https:\/\/api.w.org\/{rel}","templated":true}]}}