{"id":6679,"date":"2024-05-14T10:42:38","date_gmt":"2024-05-14T08:42:38","guid":{"rendered":"https:\/\/www.exposition-paris.info\/galeries-art-paris\/?post_type=advert&#038;p=6679"},"modified":"2024-06-13T11:08:34","modified_gmt":"2024-06-13T09:08:34","slug":"rapa-iti-lile-qui-revait-dun-autre-monde","status":"expired","type":"advert","link":"https:\/\/www.exposition-paris.info\/galeries-art-paris\/advert\/rapa-iti-lile-qui-revait-dun-autre-monde\/","title":{"rendered":"Rapa Iti, l&rsquo;\u00eele qui r\u00eavait d&rsquo;un autre monde"},"content":{"rendered":"<p><strong>Du 27 mai au 2 juin 2024 (de 10h \u00e0 18h)<\/strong><\/p>\n<p>Il existe dans le monde, une \u00eele d&rsquo;une quarantaine de kilom\u00e8tres carr\u00e9s o\u00f9 il est impossible d&rsquo;acheter un terrain car la terre appartient \u00e0 tous. Un lieu o\u00f9 l&rsquo;on se nourrit de ce qui pousse un peu partout et o\u00f9 la viande que l&rsquo;on mange est le produit de sa chasse. Dans cet endroit, l&rsquo;argent a peu d&rsquo;importance et personne ne dort dehors ni ne manque de nourriture. On y partage \u00e0 parts \u00e9gales une p\u00eache issue d&rsquo;esp\u00e8ces que l&rsquo;on prot\u00e8ge et qui se reproduisent sereinement dans des zones interdites \u00e0 la p\u00eache.<\/p>\n<p>Ce lieu c&rsquo;est Rapa Iti, l&rsquo;\u00eele fran\u00e7aise habit\u00e9e la plus m\u00e9ridionale du monde, \u00e0 1 200 kilom\u00e8tres de Tahiti et \u00e0 16 306 kilom\u00e8tres de Paris. Appartenant \u00e0 l&rsquo;archipel des Australes en Polyn\u00e9sie Fran\u00e7aise, elle est encore grandement pr\u00e9serv\u00e9e de l&rsquo;influence ext\u00e9rieure et de la mondialisation gr\u00e2ce \u00e0 sa situation g\u00e9ographique unique, mais pas seulement. Le relief tourment\u00e9 de cet ancien crat\u00e8re volcanique emp\u00eache d&rsquo;y \u00e9tablir un a\u00e9rodrome, les liaisons ne se font que par la mer et les approches exigent de la prudence. Un cargo mixte relie l&rsquo;\u00eele au reste du monde toutes les six semaines environ, mais sa venue reste tr\u00e8s irr\u00e9guli\u00e8re. C&rsquo;est l\u00e0 l&rsquo;unique moyen de s&rsquo;y rendre ou d&rsquo;en repartir. Le mode de vie de ses 512 habitants, leur solidarit\u00e9 et leur rapport \u00e0 la nature conduisent \u00e0 l&rsquo;introspection de nos soci\u00e9t\u00e9s occidentales.<\/p>\n<p>D\u00e8s le moment o\u00f9 Paul B\u00e9jannin (photojournaliste ind\u00e9pendant) a par hasard d\u00e9couvert son existence, cette \u00eele n&rsquo;a cess\u00e9 de susciter son int\u00e9r\u00eat. Il a ressenti le besoin de comprendre comment cette microsoci\u00e9t\u00e9 fran\u00e7aise fonctionnait. La raret\u00e9 \u00e9tonnante des ouvrages concernant Rapa Iti et le fait qu&rsquo;aucun photojournaliste n&rsquo;ait pass\u00e9 de temps sur place afin d&rsquo;y r\u00e9aliser un reportage l&rsquo;ont d\u00e9cid\u00e9 \u00e0 s&rsquo;y rendre d\u00e8s que cela a \u00e9t\u00e9 possible.<\/p>\n<p>Il a fallu plus d&rsquo;un an pour obtenir l&rsquo;autorisation de la mairie puis 10 jours de voyage avant de pouvoir entamer un travail en immersion.<\/p>\n<p>Les \u00e9preuves s\u00e9lectionn\u00e9es et pr\u00e9sent\u00e9es dans la galerie de Pauline Br\u00e9ton (expert en photographie) dans cette exposition sont le fruit de plusieurs semaines de reportage r\u00e9alis\u00e9 par Paul B\u00e9jannin au plus pr\u00e8s de la population locale. Un t\u00e9moignage plein d\u2019humanit\u00e9 r\u00e9v\u00e9lant la vie et l\u2019atmosph\u00e8re de cet endroit si recul\u00e9 g\u00e9ographiquement.<\/p>\n<p><em>Cr\u00e9dit\u00a0: Paul B\u00e9jannin<\/em><\/p>\n","protected":false},"author":0,"template":"","advert_category":[9],"class_list":["post-6679","classified","type-advert","status-expired","hentry","advert_category-photographie"],"aioseo_notices":[],"_links":{"self":[{"href":"https:\/\/www.exposition-paris.info\/galeries-art-paris\/wp-json\/wp\/v2\/advert\/6679","targetHints":{"allow":["GET"]}}],"collection":[{"href":"https:\/\/www.exposition-paris.info\/galeries-art-paris\/wp-json\/wp\/v2\/advert"}],"about":[{"href":"https:\/\/www.exposition-paris.info\/galeries-art-paris\/wp-json\/wp\/v2\/types\/advert"}],"wp:attachment":[{"href":"https:\/\/www.exposition-paris.info\/galeries-art-paris\/wp-json\/wp\/v2\/media?parent=6679"}],"wp:term":[{"taxonomy":"advert_category","embeddable":true,"href":"https:\/\/www.exposition-paris.info\/galeries-art-paris\/wp-json\/wp\/v2\/advert_category?post=6679"}],"curies":[{"name":"wp","href":"https:\/\/api.w.org\/{rel}","templated":true}]}}