{"id":5190,"date":"2023-09-20T11:35:41","date_gmt":"2023-09-20T09:35:41","guid":{"rendered":"https:\/\/www.exposition-paris.info\/galeries-art-paris\/advert\/rite-%e5%84%80%e5%bc%8f-yishi\/"},"modified":"2023-10-20T11:39:02","modified_gmt":"2023-10-20T09:39:02","slug":"rite-%e5%84%80%e5%bc%8f-yishi","status":"expired","type":"advert","link":"https:\/\/www.exposition-paris.info\/galeries-art-paris\/advert\/rite-%e5%84%80%e5%bc%8f-yishi\/","title":{"rendered":"RITE \u5100\u5f0f (Y\u00edsh\u00ec)"},"content":{"rendered":"<p>\u00c0 l&rsquo;occasion de la F\u00eate de la Lune de l&rsquo;ann\u00e9e 2023, la Mairie du 13e arrondissement de Paris et Espace PLUS ont le plaisir de vous convier \u00e0 une exposition d&rsquo;art contemporain exceptionnelle, mettant en lumi\u00e8re les artistes talentueux d&rsquo;origine chinoise : <strong><em>RITE \u5100\u5f0f (Y\u00edsh\u00ec).<\/em><\/strong><\/p>\n<p>Chaque ann\u00e9e, le 15\u00e8me jour du huiti\u00e8me mois du calendrier lunaire chinois, qui, cette ann\u00e9e, co\u00efncide avec le 29 septembre du calendrier gr\u00e9gorien, la communaut\u00e9 sinophone c\u00e9l\u00e8bre la F\u00eate de la Lune, \u00e9galement connue sous le nom de la F\u00eate de la Mi-Automne. En ce jour symbolique, la lune se r\u00e9v\u00e8le dans toute sa perfection g\u00e9om\u00e9trique, et les Chinois marquent cet instant pr\u00e9cieux avec lanternes, g\u00e2teaux, encens, tambours, et une multitude d&rsquo;autres \u00e9l\u00e9ments, cr\u00e9ant ainsi un rituel po\u00e9tique et myst\u00e9rieux.<\/p>\n<p><em>RITE \u5100\u5f0f (Y\u00edsh\u00ec)<\/em> rassemble neuf artistes contemporains d&rsquo;origine chinoise, chacun avec son parcours et ses exp\u00e9riences uniques. Leurs oeuvres, allant de la peinture \u00e0 la sculpture en passant par la vid\u00e9o, offrent un aper\u00e7u diversifi\u00e9 de la cr\u00e9ativit\u00e9 des artistes sino-fran\u00e7ais.<\/p>\n<p>Sous l&rsquo;\u00e9clat immacul\u00e9 de la lune, des \u00e9motions telles que la joie, la nostalgie et la tristesse se rejoignent pour tisser une po\u00e9sie subtile, une offrande spirituelle collective.<\/p>\n<p>\u00c0 travers leurs cr\u00e9ations, ces artistes donnent une forme concr\u00e8te, corporelle et visuelleaux rituels li\u00e9s \u00e0 la lune. Ils transforment leur propre p\u00e9riple \u00e0 travers le monde en un sentiment de\u00a0chez-soi, tout comme les p\u00eacheurs de l&rsquo;archipel des Trobriand se pr\u00e9parent \u00e0 affronter la mer\u00a0agit\u00e9e en utilisant des rituels pour se pr\u00e9parer mentalement.<\/p>\n<p>Simone Weil a \u00e9crit : \u00ab\u00a0L&rsquo;attention est la forme la plus pr\u00e9cieuse et la plus pure de la\u00a0g\u00e9n\u00e9rosit\u00e9.\u00a0\u00bb Dans cet esprit, ce n&rsquo;est pas nous qui c\u00e9l\u00e9brons ce moment, mais ce moment qui nous c\u00e9l\u00e8bre. La lune nous r\u00e9unit, cr\u00e9ant une sc\u00e8ne \u00e9ph\u00e9m\u00e8re et \u00e9ruptive de nostalgie ou de d\u00e9part.<\/p>\n<p>Artistes:\u00a0LI Chevalier, Fansack, Gao Zhiruo,<span class=\"Apple-converted-space\">\u00a0 Hug Xiao Yan, Tong Meng, Uta Guan Hy\u00eb,\u00a0Wang Jie, Wang Jojo, Yuan Xiaowei\u00a0 \u00a0\u00a0 \u00a0 \u00a0 \u00a0 \u00a0 \u00a0 \u00a0 \u00a0 \u00a0 \u00a0 \u00a0 \u00a0 \u00a0 \u00a0 \u00a0 \u00a0 \u00a0 \u00a0 \u00a0 \u00a0 \u00a0 \u00a0 \u00a0 \u00a0 \u00a0 \u00a0 \u00a0 \u00a0 \u00a0 \u00a0 \u00a0 \u00a0 \u00a0 \u00a0 \u00a0 \u00a0 \u00a0 \u00a0 \u00a0 \u00a0 \u00a0 \u00a0 \u00a0 \u00a0 \u00a0 \u00a0 \u00a0 \u00a0 \u00a0 \u00a0 \u00a0 \u00a0 \u00a0 \u00a0 \u00a0 \u00a0 \u00a0 \u00a0 \u00a0 \u00a0 \u00a0 \u00a0 \u00a0<\/span><span class=\"Apple-converted-space\">\u00a0 \u00a0 \u00a0 \u00a0 \u00a0 \u00a0 \u00a0 \u00a0 \u00a0 \u00a0 \u00a0 \u00a0 \u00a0 \u00a0 \u00a0 \u00a0 \u00a0 \u00a0 \u00a0 \u00a0 \u00a0 \u00a0 \u00a0 \u00a0 \u00a0 \u00a0 \u00a0 \u00a0 \u00a0 \u00a0 \u00a0 \u00a0 \u00a0 \u00a0 \u00a0 \u00a0 \u00a0 \u00a0 \u00a0 \u00a0 \u00a0 \u00a0 \u00a0 \u00a0 \u00a0 \u00a0 \u00a0 \u00a0 \u00a0 \u00a0 \u00a0 \u00a0 \u00a0 \u00a0 \u00a0 \u00a0 \u00a0 \u00a0 \u00a0 \u00a0 \u00a0 \u00a0 \u00a0 \u00a0 \u00a0 \u00a0 \u00a0 \u00a0\u00a0<\/span><\/p>\n<hr \/>\n<p>Conseill\u00e8re de l\u2019exposition: WEIWEI<br \/>\nCommissaire d\u2019exposition: MAO QIANG<span class=\"Apple-converted-space\"><br \/>\n<\/span>Co-commissaire : LI JUNYI<\/p>\n<hr \/>\n<p><span class=\"Apple-converted-space\">\u00a0\u00a0 \u00a0 \u00a0 \u00a0 \u00a0 \u00a0 \u00a0 \u00a0 \u00a0 \u00a0 \u00a0 \u00a0 \u00a0 \u00a0 \u00a0 \u00a0 \u00a0<\/span><\/p>\n<p><strong>**Informations pratiques :**<\/strong><\/p>\n<p>&#8211; **Dates de l&rsquo;exposition:** du 19 au 29 septembre 2023<\/p>\n<p>&#8211; **Heures d&rsquo;ouverture:**<\/p>\n<ul>\n<li style=\"list-style-type: none\">\n<ul>\n<li>Lundi, mercredi, et vendredi : 9h00 \u00e0 17h00<\/li>\n<li>Jeudi : 13h00 \u00e0 19h00<\/li>\n<li>Samedi : 11h00 \u00e0 17h00<\/li>\n<\/ul>\n<\/li>\n<\/ul>\n<p>&#8211; **Lieu:** Galerie Bi\u00e8vre, Galerie Ath\u00e9na et Antichambre &#8211; 2e \u00e9tage de la Mairie du 13e arrondissement, 1 PLACE D\u2019ITALIE 75013 PARIS<\/p>\n<p>&nbsp;<\/p>\n<p><strong>**Vernissage (sur Invitation)**<\/strong><\/p>\n<p>&#8211; **Date:** le 21 septembre 2023<\/p>\n<p>&#8211; **Heure:** de 18h00 \u00e0 21h30<\/p>\n<p>&nbsp;<\/p>\n<p><strong>**Finissage :**<\/strong><\/p>\n<p>&#8211; **Date:** le 28 septembre 2023<\/p>\n<p>&#8211; **Heure:** de 16h00 \u00e0 19h00<\/p>\n","protected":false},"author":0,"template":"","advert_category":[16,15,30,8],"class_list":["post-5190","classified","type-advert","status-expired","hentry","advert_category-art-contemporain","advert_category-beaux-arts","advert_category-finissages","advert_category-vernissages"],"aioseo_notices":[],"_links":{"self":[{"href":"https:\/\/www.exposition-paris.info\/galeries-art-paris\/wp-json\/wp\/v2\/advert\/5190","targetHints":{"allow":["GET"]}}],"collection":[{"href":"https:\/\/www.exposition-paris.info\/galeries-art-paris\/wp-json\/wp\/v2\/advert"}],"about":[{"href":"https:\/\/www.exposition-paris.info\/galeries-art-paris\/wp-json\/wp\/v2\/types\/advert"}],"wp:attachment":[{"href":"https:\/\/www.exposition-paris.info\/galeries-art-paris\/wp-json\/wp\/v2\/media?parent=5190"}],"wp:term":[{"taxonomy":"advert_category","embeddable":true,"href":"https:\/\/www.exposition-paris.info\/galeries-art-paris\/wp-json\/wp\/v2\/advert_category?post=5190"}],"curies":[{"name":"wp","href":"https:\/\/api.w.org\/{rel}","templated":true}]}}