{"id":2922,"date":"2022-11-08T21:35:43","date_gmt":"2022-11-08T20:35:43","guid":{"rendered":"https:\/\/www.exposition-paris.info\/galeries-art-paris\/advert\/vernissage-gabriele-galimberti\/"},"modified":"2022-12-08T21:47:14","modified_gmt":"2022-12-08T20:47:14","slug":"vernissage-gabriele-galimberti","status":"expired","type":"advert","link":"https:\/\/www.exposition-paris.info\/galeries-art-paris\/advert\/vernissage-gabriele-galimberti\/","title":{"rendered":"Vernissage Gabriele Galimberti"},"content":{"rendered":"<p class=\"p1\"><strong>Vernissage<\/strong> THE AMERIGUNS le <strong>jeudi 10 novembre<\/strong> \u00e0 partir de 18h \u00e0 22h en pr\u00e9sence de Gabriele Galimberti.<br \/>\nVen.11 et sam.12 ouvert \u00e0 partir de 14h. \u00e0 19h<span class=\"Apple-converted-space\">\u00a0 &#8211; <\/span>54 rue de Dunkerque<span class=\"Apple-converted-space\">\u00a0 <\/span>75009 Paris.<\/p>\n<p><span class=\"s1\">Informations : <a href=\"http:\/\/www.54dunkerque.com\" target=\"_blank\" rel=\"noopener noreferrer\">www.54dunkerque.com\u00a0<\/a><\/span><\/p>\n<p>M\u00e9tro : Anvers, Barb\u00e8s. RER : Gare du Nord.<\/p>\n<hr \/>\n<p class=\"\">Pendant plus de deux ans, <strong>Gabriele Galimberti<\/strong> a men\u00e9 une enqu\u00eate visuelle sur la culture des armes aux \u00c9tats-Unis, guid\u00e9 alors par une unique obsession\u00a0: traduire en images ce sujet de soci\u00e9t\u00e9. Inscrit comme un droit fondamental, au c\u0153ur m\u00eame de la constitution, le port d\u2019armes s\u2019ancre ainsi dans tous les aspects de la vie am\u00e9ricaine, jusqu\u2019\u00e0 parfois se fondre dans ses plus vives valeurs que sont la famille, la libert\u00e9. Par leur large effectif num\u00e9rique (400 millions), les armes d\u00e9passent en effet le nombre auquel s\u2019\u00e9l\u00e8ve la population (338 millions). Les images de Galimberti renseignent et informent de cet \u00e9tat, r\u00e9v\u00e9lant alors les pans inattendus de l\u2019Am\u00e9rique qui aime les armes.<\/p>\n<p class=\"\">Parcourant les \u00c9tats-Unis, le photographe est ainsi parti \u00e0 la rencontre d\u2019hommes, de femmes, de familles, avec lesquelles il a nou\u00e9 contact via les r\u00e9seaux sociaux et Instagram. De ces d\u00e9tenteurs d\u2019armes, il en a dress\u00e9 une s\u00e9rie de portraits, tous r\u00e9alis\u00e9s dans leur cadre de vie, dans leur intimit\u00e9.<\/p>\n<p class=\"\">Une vision g\u00e9n\u00e9rique, presque typologique, d\u00e9coule de sa pratique portraitiste car ne s\u2019arr\u00eatant jamais \u00e0 l\u2019\u00e9vidence primaire d\u2019une simple confrontation, le photographe effectue ainsi une prise de vue m\u00e9thodique, frontale et distanci\u00e9e, conf\u00e9rant alors aux images une dimension \u00e0 la fois artistique et documentaire dont il est possible d\u2019en tirer un inventaire objectif. R\u00e9alis\u00e9es suivant un protocole parfaitement r\u00e9gl\u00e9, ces photographies ne sont jamais spontan\u00e9es tant elles articulent un rythme exempt de toute mobilit\u00e9. Toute trace de naturel a soigneusement \u00e9t\u00e9 gomm\u00e9e.<\/p>\n<p class=\"\">Ses photographies s\u2019apparentent \u00e0 de sages portraits pos\u00e9s. Les familles arborent alors une expression franche, pourrait-on dire de vainqueur, o\u00f9 ne saurait se lire ni le d\u00e9sespoir, ni la peur. Elles figurent entour\u00e9es de leur collection d\u2019armes \u00e0 feu dont elles tirent fiert\u00e9 et contentement. Ici, Galimberti cultive un go\u00fbt pour la g\u00e9om\u00e9trie. La composition de ses images privil\u00e9gie ainsi les espaces savamment organis\u00e9s, parfois presque cloisonn\u00e9s, o\u00f9 l\u2019agencement des lignes et l\u2019\u00e9quilibre des masses conf\u00e8rent \u00e0 l\u2019ensemble une teneur graphique. Au sein de ces habitations devenues \u00e9crin, les armes sont d\u00e9pos\u00e9es, dispos\u00e9es en cercle ou en \u00e9toile, voire proprement align\u00e9es\u00a0: toujours m\u00e9ticuleusement agenc\u00e9es, elles se fondent dans le tissu sensible de ces environnements familiers. Paraissant inoffensives, les armes s\u2019apparentent alors \u00e0 de v\u00e9ritables jouets. Et dans ces espaces domestiques dont elles semblent solidaires, elles r\u00e9v\u00e8lent ainsi pleinement valeurs et id\u00e9aux de leurs propri\u00e9taires. Sans basculer dans un mani\u00e9risme cin\u00e9matographique, le modelage de la lumi\u00e8re &#8211; toujours artificielle &#8211; augmente la port\u00e9e dramaturgique de l\u2019image.<\/p>\n<p class=\"\">Pleines de retenue, ces photographies se tiennent alors loin de tout sensationnisme\u00a0: ici, la violence demeure latente, car fusils et revolvers pr\u00e9tendent moins dire l\u2019armement qu\u2019en \u00e9voquer l\u2019indicible existence, n\u2019en gardant que la charge expressive comprim\u00e9e. Sans jamais sacrifier la valeur esth\u00e9tique de ses images, Galimberti pointe ainsi les \u00e9carts, les paradoxes. Mais aussi une passion triste: celle d\u2019une<em> American way of life.<\/em><\/p>\n","protected":false},"author":23,"template":"","advert_category":[9,8],"class_list":["post-2922","classified","type-advert","status-expired","hentry","advert_category-photographie","advert_category-vernissages"],"aioseo_notices":[],"_links":{"self":[{"href":"https:\/\/www.exposition-paris.info\/galeries-art-paris\/wp-json\/wp\/v2\/advert\/2922","targetHints":{"allow":["GET"]}}],"collection":[{"href":"https:\/\/www.exposition-paris.info\/galeries-art-paris\/wp-json\/wp\/v2\/advert"}],"about":[{"href":"https:\/\/www.exposition-paris.info\/galeries-art-paris\/wp-json\/wp\/v2\/types\/advert"}],"author":[{"embeddable":true,"href":"https:\/\/www.exposition-paris.info\/galeries-art-paris\/wp-json\/wp\/v2\/users\/23"}],"wp:attachment":[{"href":"https:\/\/www.exposition-paris.info\/galeries-art-paris\/wp-json\/wp\/v2\/media?parent=2922"}],"wp:term":[{"taxonomy":"advert_category","embeddable":true,"href":"https:\/\/www.exposition-paris.info\/galeries-art-paris\/wp-json\/wp\/v2\/advert_category?post=2922"}],"curies":[{"name":"wp","href":"https:\/\/api.w.org\/{rel}","templated":true}]}}